{"id":900,"date":"2024-07-28T07:32:19","date_gmt":"2024-07-28T07:32:19","guid":{"rendered":"https:\/\/cafe-lagomera.com\/comprar-cafe\/"},"modified":"2026-04-28T13:05:03","modified_gmt":"2026-04-28T13:05:03","slug":"comprar-cafe","status":"publish","type":"page","link":"https:\/\/cafe-lagomera.com\/es\/comprar-cafe\/","title":{"rendered":"Comprar caf\u00e9"},"content":{"rendered":"<p>[et_pb_section fb_built=\u00bb1&#8243; admin_label=\u00bbSection Title\u00bb _builder_version=\u00bb4.25.1&#8243; background_enable_color=\u00bboff\u00bb custom_margin=\u00bb||||false|false\u00bb custom_padding=\u00bb36px||22px|||\u00bb global_colors_info=\u00bb{}\u00bb][et_pb_row _builder_version=\u00bb4.27.0&#8243; width_tablet=\u00bb\u00bb width_phone=\u00bb100%\u00bb width_last_edited=\u00bbon|phone\u00bb custom_padding=\u00bb||8px|||\u00bb locked=\u00bboff\u00bb global_colors_info=\u00bb{}\u00bb][et_pb_column type=\u00bb4_4&#8243; _builder_version=\u00bb4.16&#8243; custom_padding=\u00bb|||\u00bb global_colors_info=\u00bb{}\u00bb custom_padding__hover=\u00bb|||\u00bb][et_pb_text _builder_version=\u00bb4.27.0&#8243; header_font=\u00bb||||||||\u00bb header_2_font=\u00bbSaira Stencil One|&#8211;et_global_body_font_weight||on|||||\u00bb header_2_text_align=\u00bbcenter\u00bb header_2_text_color=\u00bb#000000&#8243; header_2_font_size=\u00bb89px\u00bb transform_scale=\u00bb82%|100%\u00bb transform_scale_linked=\u00bboff\u00bb custom_margin=\u00bb40px||||false|false\u00bb header_2_font_size_tablet=\u00bb36px\u00bb header_2_font_size_phone=\u00bb48px\u00bb header_2_font_size_last_edited=\u00bbon|phone\u00bb header_2_letter_spacing_tablet=\u00bb0px\u00bb header_2_letter_spacing_phone=\u00bb0px\u00bb header_2_letter_spacing_last_edited=\u00bboff|tablet\u00bb global_colors_info=\u00bb{}\u00bb]<\/p>\n<h2>Un trozo de La Gomera para tu casa<\/h2>\n<p>[\/et_pb_text][et_pb_text _builder_version=\u00bb4.27.0&#8243; text_font=\u00bbOpen Sans||||||||\u00bb text_text_color=\u00bb#000000&#8243; text_font_size=\u00bb17px\u00bb text_line_height=\u00bb2em\u00bb transform_scale_tablet=\u00bb\u00bb transform_scale_phone=\u00bb\u00bb transform_scale_last_edited=\u00bbon|desktop\u00bb transform_translate_tablet=\u00bb\u00bb transform_translate_phone=\u00bb\u00bb transform_translate_last_edited=\u00bbon|desktop\u00bb transform_rotate_tablet=\u00bb\u00bb transform_rotate_phone=\u00bb\u00bb transform_rotate_last_edited=\u00bbon|desktop\u00bb transform_skew_tablet=\u00bb\u00bb transform_skew_phone=\u00bb\u00bb transform_skew_last_edited=\u00bbon|desktop\u00bb transform_origin_tablet=\u00bb\u00bb transform_origin_phone=\u00bb\u00bb transform_origin_last_edited=\u00bbon|desktop\u00bb transform_styles_last_edited=\u00bbon|desktop\u00bb max_width=\u00bb100%\u00bb max_width_tablet=\u00bb62%\u00bb max_width_phone=\u00bb85%\u00bb max_width_last_edited=\u00bbon|phone\u00bb module_alignment=\u00bbcenter\u00bb text_font_size_tablet=\u00bb16px\u00bb text_font_size_phone=\u00bb14px\u00bb text_font_size_last_edited=\u00bbon|phone\u00bb text_letter_spacing_tablet=\u00bb\u00bb text_letter_spacing_phone=\u00bb0px\u00bb text_letter_spacing_last_edited=\u00bbon|tablet\u00bb transform_styles_tablet=\u00bb\u00bb transform_styles_phone=\u00bb\u00bb global_colors_info=\u00bb{}\u00bb]<\/p>\n<p style=\"text-align: center;\">Por supuesto, tambi\u00e9n puedes comprar este excitante aunque suave sabor de la isla volc\u00e1nica. Tambi\u00e9n puedes hacer un pedido por correo electr\u00f3nico. Env\u00edo gratuito para compras superiores a 85 euros. S\u00f3lo tienes que enviar un correo electr\u00f3nico a <strong><span style=\"text-decoration: underline;\"><a href=\"mailto:mail@cafe-lagomera.com\">mail@cafe-lagomera.com<\/a><\/span><\/strong> o visita nuestra <span style=\"text-decoration: underline;\"><strong><a href=\"https:\/\/www.moxxacaffe.net\/de\/shop\/la-gomera-kaffee\/\" target=\"_blank\" rel=\"noopener\">tienda web para pedidos desde Alemania.<\/a><\/strong><\/span>   <\/p>\n<p>[\/et_pb_text][\/et_pb_column][\/et_pb_row][et_pb_row column_structure=\u00bb1_2,1_2&#8243; use_custom_gutter=\u00bbon\u00bb gutter_width=\u00bb1&#8243; _builder_version=\u00bb4.25.1&#8243; max_width=\u00bb829px\u00bb locked=\u00bboff\u00bb global_colors_info=\u00bb{}\u00bb][et_pb_column type=\u00bb1_2&#8243; _builder_version=\u00bb4.16&#8243; custom_padding=\u00bb|||\u00bb global_colors_info=\u00bb{}\u00bb custom_padding__hover=\u00bb|||\u00bb][et_pb_image src=\u00bbhttps:\/\/cafe-lagomera.com\/wp-content\/uploads\/2024\/05\/Mockup2.jpg\u00bb title_text=\u00bbMaqueta2&#8243; _builder_version=\u00bb4.27.0&#8243; _module_preset=\u00bbdefault\u00bb max_width=\u00bb44%\u00bb module_alignment=\u00bbcenter\u00bb global_colors_info=\u00bb{}\u00bb][\/et_pb_image][et_pb_text _builder_version=\u00bb4.25.1&#8243; header_font=\u00bb||||||||\u00bb header_2_font=\u00bbSaira Stencil One|&#8211;et_global_body_font_weight||on|||||\u00bb header_2_text_align=\u00bbcenter\u00bb header_2_text_color=\u00bb#000000&#8243; header_2_font_size=\u00bb35px\u00bb header_2_line_height=\u00bb1.2em\u00bb transform_scale=\u00bb82%|100%\u00bb transform_scale_linked=\u00bboff\u00bb header_2_font_size_tablet=\u00bb36px\u00bb header_2_font_size_phone=\u00bb28px\u00bb header_2_font_size_last_edited=\u00bbon|phone\u00bb header_2_letter_spacing_tablet=\u00bb0px\u00bb header_2_letter_spacing_phone=\u00bb0px\u00bb header_2_letter_spacing_last_edited=\u00bboff|tablet\u00bb global_colors_info=\u00bb{}\u00bb]<\/p>\n<h2>CAFE Filtro la Crema<\/h2>\n<p>[\/et_pb_text][et_pb_text _builder_version=\u00bb4.27.0&#8243; text_font=\u00bbOpen Sans||||||||\u00bb text_text_color=\u00bb#000000&#8243; text_font_size=\u00bb17px\u00bb text_line_height=\u00bb1.5em\u00bb transform_scale_tablet=\u00bb\u00bb transform_scale_phone=\u00bb\u00bb transform_scale_last_edited=\u00bbon|desktop\u00bb transform_translate_tablet=\u00bb\u00bb transform_translate_phone=\u00bb\u00bb transform_translate_last_edited=\u00bbon|desktop\u00bb transform_rotate_tablet=\u00bb\u00bb transform_rotate_phone=\u00bb\u00bb transform_rotate_last_edited=\u00bbon|desktop\u00bb transform_skew_tablet=\u00bb\u00bb transform_skew_phone=\u00bb\u00bb transform_skew_last_edited=\u00bbon|desktop\u00bb transform_origin_tablet=\u00bb\u00bb transform_origin_phone=\u00bb\u00bb transform_origin_last_edited=\u00bbon|desktop\u00bb transform_styles_last_edited=\u00bbon|desktop\u00bb max_width=\u00bb89%\u00bb max_width_tablet=\u00bb62%\u00bb max_width_phone=\u00bb85%\u00bb max_width_last_edited=\u00bbon|phone\u00bb module_alignment=\u00bbcenter\u00bb text_font_size_tablet=\u00bb16px\u00bb text_font_size_phone=\u00bb14px\u00bb text_font_size_last_edited=\u00bbon|phone\u00bb text_letter_spacing_tablet=\u00bb\u00bb text_letter_spacing_phone=\u00bb0px\u00bb text_letter_spacing_last_edited=\u00bbon|tablet\u00bb transform_styles_tablet=\u00bb\u00bb transform_styles_phone=\u00bb\u00bb global_colors_info=\u00bb{}\u00bb]<\/p>\n<p style=\"text-align: center;\"><strong>La Crema<\/strong><br \/>Con el elegante Gout de l&#8217;apres-midi<br \/>en Espa\u00f1a\/Canarias.<br \/>Paquete 220 gr. 13,90 \u20ac<br \/>(16,50\u20ac en Alemania) <\/p>\n<p>[\/et_pb_text][\/et_pb_column][et_pb_column type=\u00bb1_2&#8243; _builder_version=\u00bb4.16&#8243; custom_padding=\u00bb|||\u00bb global_colors_info=\u00bb{}\u00bb custom_padding__hover=\u00bb|||\u00bb][et_pb_image src=\u00bbhttps:\/\/cafe-lagomera.com\/wp-content\/uploads\/2024\/05\/Mockup.jpg\u00bb title_text=\u00bbMaqueta\u00bb _builder_version=\u00bb4.27.0&#8243; _module_preset=\u00bbdefault\u00bb max_width=\u00bb44%\u00bb module_alignment=\u00bbcenter\u00bb custom_margin_tablet=\u00bb\u00bb custom_margin_phone=\u00bb60px||||false|false\u00bb custom_margin_last_edited=\u00bbon|phone\u00bb global_colors_info=\u00bb{}\u00bb][\/et_pb_image][et_pb_text _builder_version=\u00bb4.25.1&#8243; header_font=\u00bb||||||||\u00bb header_2_font=\u00bbSaira Stencil One|&#8211;et_global_body_font_weight||on|||||\u00bb header_2_text_align=\u00bbcenter\u00bb header_2_text_color=\u00bb#000000&#8243; header_2_font_size=\u00bb35px\u00bb header_2_line_height=\u00bb1.2em\u00bb transform_scale=\u00bb82%|100%\u00bb transform_scale_linked=\u00bboff\u00bb header_2_font_size_tablet=\u00bb36px\u00bb header_2_font_size_phone=\u00bb28px\u00bb header_2_font_size_last_edited=\u00bbon|phone\u00bb header_2_letter_spacing_tablet=\u00bb0px\u00bb header_2_letter_spacing_phone=\u00bb0px\u00bb header_2_letter_spacing_last_edited=\u00bboff|tablet\u00bb global_colors_info=\u00bb{}\u00bb]<\/p>\n<h2>Espresso La Calima<\/h2>\n<p>[\/et_pb_text][et_pb_text _builder_version=\u00bb4.27.0&#8243; text_font=\u00bbOpen Sans||||||||\u00bb text_text_color=\u00bb#000000&#8243; text_font_size=\u00bb17px\u00bb text_line_height=\u00bb1.5em\u00bb transform_scale_tablet=\u00bb\u00bb transform_scale_phone=\u00bb\u00bb transform_scale_last_edited=\u00bbon|desktop\u00bb transform_translate_tablet=\u00bb\u00bb transform_translate_phone=\u00bb\u00bb transform_translate_last_edited=\u00bbon|desktop\u00bb transform_rotate_tablet=\u00bb\u00bb transform_rotate_phone=\u00bb\u00bb transform_rotate_last_edited=\u00bbon|desktop\u00bb transform_skew_tablet=\u00bb\u00bb transform_skew_phone=\u00bb\u00bb transform_skew_last_edited=\u00bbon|desktop\u00bb transform_origin_tablet=\u00bb\u00bb transform_origin_phone=\u00bb\u00bb transform_origin_last_edited=\u00bbon|desktop\u00bb transform_styles_last_edited=\u00bbon|desktop\u00bb max_width=\u00bb89%\u00bb max_width_tablet=\u00bb62%\u00bb max_width_phone=\u00bb85%\u00bb max_width_last_edited=\u00bbon|phone\u00bb module_alignment=\u00bbcenter\u00bb text_font_size_tablet=\u00bb16px\u00bb text_font_size_phone=\u00bb14px\u00bb text_font_size_last_edited=\u00bbon|phone\u00bb text_letter_spacing_tablet=\u00bb\u00bb text_letter_spacing_phone=\u00bb0px\u00bb text_letter_spacing_last_edited=\u00bbon|tablet\u00bb transform_styles_tablet=\u00bb\u00bb transform_styles_phone=\u00bb\u00bb global_colors_info=\u00bb{}\u00bb]<\/p>\n<p style=\"text-align: center;\"><strong>La Calima<\/strong><br \/>Tueste Oscuro, con el rico sabor del espresso de<br \/>.<br \/>Paquete de 220 gr. 14,90 \u20ac. <br \/><strong><\/strong>(16,50\u20ac en Alemania)<\/p>\n<p>[\/et_pb_text][\/et_pb_column][\/et_pb_row][\/et_pb_section][et_pb_section fb_built=\u00bb1&#8243; admin_label=\u00bbSection Title\u00bb _builder_version=\u00bb4.27.0&#8243; background_color=\u00bbrgba(0,0,0,0.09)\u00bb custom_margin=\u00bb||||false|false\u00bb custom_padding=\u00bb9px||22px|||\u00bb global_colors_info=\u00bb{}\u00bb][et_pb_row _builder_version=\u00bb4.25.1&#8243; width_tablet=\u00bb\u00bb width_phone=\u00bb92%\u00bb width_last_edited=\u00bbon|phone\u00bb custom_padding=\u00bb33px|||||\u00bb locked=\u00bboff\u00bb global_colors_info=\u00bb{}\u00bb][et_pb_column type=\u00bb4_4&#8243; _builder_version=\u00bb4.16&#8243; custom_padding=\u00bb|||\u00bb global_colors_info=\u00bb{}\u00bb custom_padding__hover=\u00bb|||\u00bb][et_pb_text _builder_version=\u00bb4.27.0&#8243; header_font=\u00bb||||||||\u00bb header_2_font=\u00bbSaira Stencil One|&#8211;et_global_body_font_weight||on|||||\u00bb header_2_text_align=\u00bbcenter\u00bb header_2_text_color=\u00bb#000000&#8243; header_2_font_size=\u00bb64px\u00bb transform_scale=\u00bb82%|100%\u00bb transform_scale_linked=\u00bboff\u00bb max_width=\u00bb100%\u00bb module_alignment=\u00bbcenter\u00bb custom_margin=\u00bb40px||||false|false\u00bb header_2_font_size_tablet=\u00bb36px\u00bb header_2_font_size_phone=\u00bb48px\u00bb header_2_font_size_last_edited=\u00bbon|phone\u00bb header_2_letter_spacing_tablet=\u00bb0px\u00bb header_2_letter_spacing_phone=\u00bb0px\u00bb header_2_letter_spacing_last_edited=\u00bboff|tablet\u00bb global_colors_info=\u00bb{}\u00bb]<\/p>\n<h2>Alemania<\/h2>\n<p>[\/et_pb_text][\/et_pb_column][\/et_pb_row][et_pb_row column_structure=\u00bb1_3,1_3,1_3&#8243; _builder_version=\u00bb4.27.0&#8243; width_tablet=\u00bb\u00bb width_phone=\u00bb92%\u00bb width_last_edited=\u00bbon|phone\u00bb custom_margin_tablet=\u00bb\u00bb custom_margin_phone=\u00bb||-33px||false|false\u00bb custom_margin_last_edited=\u00bbon|phone\u00bb locked=\u00bboff\u00bb global_colors_info=\u00bb{}\u00bb][et_pb_column type=\u00bb1_3&#8243; _builder_version=\u00bb4.16&#8243; custom_padding=\u00bb|||\u00bb global_colors_info=\u00bb{}\u00bb custom_padding__hover=\u00bb|||\u00bb][et_pb_text _builder_version=\u00bb4.27.0&#8243; text_font=\u00bbOpen Sans||||||||\u00bb text_text_color=\u00bb#000000&#8243; text_font_size=\u00bb17px\u00bb text_line_height=\u00bb2em\u00bb transform_scale_tablet=\u00bb\u00bb transform_scale_phone=\u00bb\u00bb transform_scale_last_edited=\u00bbon|desktop\u00bb transform_translate_tablet=\u00bb\u00bb transform_translate_phone=\u00bb\u00bb transform_translate_last_edited=\u00bbon|desktop\u00bb transform_rotate_tablet=\u00bb\u00bb transform_rotate_phone=\u00bb\u00bb transform_rotate_last_edited=\u00bbon|desktop\u00bb transform_skew_tablet=\u00bb\u00bb transform_skew_phone=\u00bb\u00bb transform_skew_last_edited=\u00bbon|desktop\u00bb transform_origin_tablet=\u00bb\u00bb transform_origin_phone=\u00bb\u00bb transform_origin_last_edited=\u00bbon|desktop\u00bb transform_styles_last_edited=\u00bbon|desktop\u00bb max_width=\u00bb100%\u00bb max_width_tablet=\u00bb62%\u00bb max_width_phone=\u00bb85%\u00bb max_width_last_edited=\u00bbon|phone\u00bb module_alignment=\u00bbleft\u00bb text_font_size_tablet=\u00bb16px\u00bb text_font_size_phone=\u00bb14px\u00bb text_font_size_last_edited=\u00bbon|phone\u00bb text_letter_spacing_tablet=\u00bb\u00bb text_letter_spacing_phone=\u00bb0px\u00bb text_letter_spacing_last_edited=\u00bbon|tablet\u00bb transform_styles_tablet=\u00bb\u00bb transform_styles_phone=\u00bb\u00bb global_colors_info=\u00bb{}\u00bb]<\/p>\n<p style=\"text-align: left;\"><strong>moxxa.caff\u00e8 | La Tostadora<\/strong><br \/>Schanzenstra\u00dfe 6-20<br \/>51063 Colonia<br \/><strong><span style=\"text-decoration: underline;\"><a href=\"https:\/\/www.moxxacaffe.net\/de\/shop\/la-gomera-kaffee\/\" target=\"_blank\" rel=\"noopener\">Tienda online<\/a><\/span><\/strong><\/p>\n<p>[\/et_pb_text][\/et_pb_column][et_pb_column type=\u00bb1_3&#8243; _builder_version=\u00bb4.16&#8243; custom_padding=\u00bb|||\u00bb global_colors_info=\u00bb{}\u00bb custom_padding__hover=\u00bb|||\u00bb][et_pb_text _builder_version=\u00bb4.27.0&#8243; text_font=\u00bbOpen Sans||||||||\u00bb text_text_color=\u00bb#000000&#8243; text_font_size=\u00bb17px\u00bb text_line_height=\u00bb2em\u00bb transform_scale_tablet=\u00bb\u00bb transform_scale_phone=\u00bb\u00bb transform_scale_last_edited=\u00bbon|desktop\u00bb transform_translate_tablet=\u00bb\u00bb transform_translate_phone=\u00bb\u00bb transform_translate_last_edited=\u00bbon|desktop\u00bb transform_rotate_tablet=\u00bb\u00bb transform_rotate_phone=\u00bb\u00bb transform_rotate_last_edited=\u00bbon|desktop\u00bb transform_skew_tablet=\u00bb\u00bb transform_skew_phone=\u00bb\u00bb transform_skew_last_edited=\u00bbon|desktop\u00bb transform_origin_tablet=\u00bb\u00bb transform_origin_phone=\u00bb\u00bb transform_origin_last_edited=\u00bbon|desktop\u00bb transform_styles_last_edited=\u00bbon|desktop\u00bb max_width=\u00bb100%\u00bb max_width_tablet=\u00bb62%\u00bb max_width_phone=\u00bb85%\u00bb max_width_last_edited=\u00bbon|phone\u00bb module_alignment=\u00bbleft\u00bb text_font_size_tablet=\u00bb16px\u00bb text_font_size_phone=\u00bb14px\u00bb text_font_size_last_edited=\u00bbon|phone\u00bb text_letter_spacing_tablet=\u00bb\u00bb text_letter_spacing_phone=\u00bb0px\u00bb text_letter_spacing_last_edited=\u00bbon|tablet\u00bb transform_styles_tablet=\u00bb\u00bb transform_styles_phone=\u00bb\u00bb global_colors_info=\u00bb{}\u00bb]<\/p>\n<p style=\"text-align: left;\"><strong>moxxa.caff\u00e8 | Im Carlswerk<\/strong><br \/>Aachener Str. 22<br \/>50674 Colonia<br \/><strong><span style=\"text-decoration: underline;\"><a href=\"https:\/\/www.moxxacaffe.net\/de\/shop\/la-gomera-kaffee\/\" target=\"_blank\" rel=\"noopener\">Tienda online<\/a><\/span><\/strong><\/p>\n<p>[\/et_pb_text][\/et_pb_column][et_pb_column type=\u00bb1_3&#8243; _builder_version=\u00bb4.16&#8243; custom_padding=\u00bb|||\u00bb global_colors_info=\u00bb{}\u00bb custom_padding__hover=\u00bb|||\u00bb][et_pb_text _builder_version=\u00bb4.27.0&#8243; text_font=\u00bbOpen Sans||||||||\u00bb text_text_color=\u00bb#000000&#8243; text_font_size=\u00bb17px\u00bb text_line_height=\u00bb2em\u00bb transform_scale_tablet=\u00bb\u00bb transform_scale_phone=\u00bb\u00bb transform_scale_last_edited=\u00bbon|desktop\u00bb transform_translate_tablet=\u00bb\u00bb transform_translate_phone=\u00bb\u00bb transform_translate_last_edited=\u00bbon|desktop\u00bb transform_rotate_tablet=\u00bb\u00bb transform_rotate_phone=\u00bb\u00bb transform_rotate_last_edited=\u00bbon|desktop\u00bb transform_skew_tablet=\u00bb\u00bb transform_skew_phone=\u00bb\u00bb transform_skew_last_edited=\u00bbon|desktop\u00bb transform_origin_tablet=\u00bb\u00bb transform_origin_phone=\u00bb\u00bb transform_origin_last_edited=\u00bbon|desktop\u00bb transform_styles_last_edited=\u00bbon|desktop\u00bb max_width=\u00bb100%\u00bb max_width_tablet=\u00bb62%\u00bb max_width_phone=\u00bb85%\u00bb max_width_last_edited=\u00bbon|phone\u00bb module_alignment=\u00bbleft\u00bb text_font_size_tablet=\u00bb16px\u00bb text_font_size_phone=\u00bb14px\u00bb text_font_size_last_edited=\u00bbon|phone\u00bb text_letter_spacing_tablet=\u00bb\u00bb text_letter_spacing_phone=\u00bb0px\u00bb text_letter_spacing_last_edited=\u00bbon|tablet\u00bb transform_styles_tablet=\u00bb\u00bb transform_styles_phone=\u00bb\u00bb global_colors_info=\u00bb{}\u00bb]<\/p>\n<p style=\"text-align: left;\"><strong>Langen Kaffee GmbH + Co KG<br \/><\/strong>Industriestr. 8<br \/>59964 Medebach<br \/><strong><span style=\"text-decoration: underline;\"><\/span><\/strong><\/p>\n<p style=\"text-align: left;\"><strong><span style=\"text-decoration: underline;\"><a href=\"https:\/\/www.langen-kaffee.de\/espresso\/cafe-de-la-gomera-espresso-la-calima\/2183\/\" target=\"_blank\" rel=\"noopener\">Tienda online | Espresso<\/a><\/span><\/strong><br \/><strong><a href=\"https:\/\/www.langen-kaffee.de\/kaffee\/cafe-de-la-gomera-la-crema-filter-kaffee\/2184\/\" target=\"_blank\" rel=\"noopener\"><span style=\"text-decoration: underline;\">Tienda online | Caf\u00e9<\/span><\/a><\/strong><\/p>\n<p>[\/et_pb_text][\/et_pb_column][\/et_pb_row][et_pb_row column_structure=\u00bb1_3,1_3,1_3&#8243; _builder_version=\u00bb4.27.0&#8243; width_tablet=\u00bb\u00bb width_phone=\u00bb92%\u00bb width_last_edited=\u00bbon|phone\u00bb custom_margin_tablet=\u00bb\u00bb custom_margin_phone=\u00bb||-33px||false|false\u00bb custom_margin_last_edited=\u00bbon|phone\u00bb locked=\u00bboff\u00bb global_colors_info=\u00bb{}\u00bb][et_pb_column type=\u00bb1_3&#8243; _builder_version=\u00bb4.16&#8243; custom_padding=\u00bb|||\u00bb global_colors_info=\u00bb{}\u00bb custom_padding__hover=\u00bb|||\u00bb][et_pb_text _builder_version=\u00bb4.27.0&#8243; text_font=\u00bbOpen Sans||||||||\u00bb text_text_color=\u00bb#000000&#8243; text_font_size=\u00bb17px\u00bb text_line_height=\u00bb2em\u00bb transform_scale_tablet=\u00bb\u00bb transform_scale_phone=\u00bb\u00bb transform_scale_last_edited=\u00bbon|desktop\u00bb transform_translate_tablet=\u00bb\u00bb transform_translate_phone=\u00bb\u00bb transform_translate_last_edited=\u00bbon|desktop\u00bb transform_rotate_tablet=\u00bb\u00bb transform_rotate_phone=\u00bb\u00bb transform_rotate_last_edited=\u00bbon|desktop\u00bb transform_skew_tablet=\u00bb\u00bb transform_skew_phone=\u00bb\u00bb transform_skew_last_edited=\u00bbon|desktop\u00bb transform_origin_tablet=\u00bb\u00bb transform_origin_phone=\u00bb\u00bb transform_origin_last_edited=\u00bbon|desktop\u00bb transform_styles_last_edited=\u00bbon|desktop\u00bb max_width=\u00bb100%\u00bb max_width_tablet=\u00bb62%\u00bb max_width_phone=\u00bb85%\u00bb max_width_last_edited=\u00bbon|phone\u00bb module_alignment=\u00bbleft\u00bb text_font_size_tablet=\u00bb16px\u00bb text_font_size_phone=\u00bb14px\u00bb text_font_size_last_edited=\u00bbon|phone\u00bb text_letter_spacing_tablet=\u00bb\u00bb text_letter_spacing_phone=\u00bb0px\u00bb text_letter_spacing_last_edited=\u00bbon|tablet\u00bb transform_styles_tablet=\u00bb\u00bb transform_styles_phone=\u00bb\u00bb global_colors_info=\u00bb{}\u00bb]<\/p>\n<p style=\"text-align: left;\"><strong>Restaurante Ludwig en el Museo<\/strong><br \/>Heinrich B\u00f6ll Platz 3<br \/>50667 Colonia<\/p>\n<p>[\/et_pb_text][\/et_pb_column][et_pb_column type=\u00bb1_3&#8243; _builder_version=\u00bb4.16&#8243; custom_padding=\u00bb|||\u00bb global_colors_info=\u00bb{}\u00bb custom_padding__hover=\u00bb|||\u00bb][et_pb_text _builder_version=\u00bb4.27.0&#8243; text_font=\u00bbOpen Sans||||||||\u00bb text_text_color=\u00bb#000000&#8243; text_font_size=\u00bb17px\u00bb text_line_height=\u00bb2em\u00bb transform_scale_tablet=\u00bb\u00bb transform_scale_phone=\u00bb\u00bb transform_scale_last_edited=\u00bbon|desktop\u00bb transform_translate_tablet=\u00bb\u00bb transform_translate_phone=\u00bb\u00bb transform_translate_last_edited=\u00bbon|desktop\u00bb transform_rotate_tablet=\u00bb\u00bb transform_rotate_phone=\u00bb\u00bb transform_rotate_last_edited=\u00bbon|desktop\u00bb transform_skew_tablet=\u00bb\u00bb transform_skew_phone=\u00bb\u00bb transform_skew_last_edited=\u00bbon|desktop\u00bb transform_origin_tablet=\u00bb\u00bb transform_origin_phone=\u00bb\u00bb transform_origin_last_edited=\u00bbon|desktop\u00bb transform_styles_last_edited=\u00bbon|desktop\u00bb max_width=\u00bb100%\u00bb max_width_tablet=\u00bb62%\u00bb max_width_phone=\u00bb85%\u00bb max_width_last_edited=\u00bbon|phone\u00bb module_alignment=\u00bbleft\u00bb text_font_size_tablet=\u00bb16px\u00bb text_font_size_phone=\u00bb14px\u00bb text_font_size_last_edited=\u00bbon|phone\u00bb text_letter_spacing_tablet=\u00bb\u00bb text_letter_spacing_phone=\u00bb0px\u00bb text_letter_spacing_last_edited=\u00bbon|tablet\u00bb transform_styles_tablet=\u00bb\u00bb transform_styles_phone=\u00bb\u00bb global_colors_info=\u00bb{}\u00bb]<\/p>\n<p style=\"text-align: left;\"><strong>Feynsinn<\/strong><br \/>Rathenauplatz 7<br \/>50674 Colonia<\/p>\n<p>[\/et_pb_text][\/et_pb_column][et_pb_column type=\u00bb1_3&#8243; _builder_version=\u00bb4.16&#8243; custom_padding=\u00bb|||\u00bb global_colors_info=\u00bb{}\u00bb custom_padding__hover=\u00bb|||\u00bb][\/et_pb_column][\/et_pb_row][\/et_pb_section][et_pb_section fb_built=\u00bb1&#8243; admin_label=\u00bbSection Title\u00bb _builder_version=\u00bb4.27.0&#8243; background_enable_color=\u00bboff\u00bb custom_margin=\u00bb||||false|false\u00bb custom_padding=\u00bb1px||24px|||\u00bb global_colors_info=\u00bb{}\u00bb][et_pb_row _builder_version=\u00bb4.25.1&#8243; width_tablet=\u00bb\u00bb width_phone=\u00bb92%\u00bb width_last_edited=\u00bbon|phone\u00bb custom_padding=\u00bb33px|||||\u00bb locked=\u00bboff\u00bb global_colors_info=\u00bb{}\u00bb][et_pb_column type=\u00bb4_4&#8243; _builder_version=\u00bb4.16&#8243; custom_padding=\u00bb|||\u00bb global_colors_info=\u00bb{}\u00bb custom_padding__hover=\u00bb|||\u00bb][et_pb_text _builder_version=\u00bb4.27.0&#8243; header_font=\u00bb||||||||\u00bb header_2_font=\u00bbSaira Stencil One|&#8211;et_global_body_font_weight||on|||||\u00bb header_2_text_align=\u00bbcenter\u00bb header_2_text_color=\u00bb#000000&#8243; header_2_font_size=\u00bb64px\u00bb transform_scale=\u00bb82%|100%\u00bb transform_scale_linked=\u00bboff\u00bb max_width=\u00bb79%\u00bb max_width_tablet=\u00bb79%\u00bb max_width_phone=\u00bb100%\u00bb max_width_last_edited=\u00bbon|desktop\u00bb module_alignment=\u00bbcenter\u00bb custom_margin=\u00bb40px||||false|false\u00bb header_2_font_size_tablet=\u00bb36px\u00bb header_2_font_size_phone=\u00bb48px\u00bb header_2_font_size_last_edited=\u00bbon|phone\u00bb header_2_letter_spacing_tablet=\u00bb0px\u00bb header_2_letter_spacing_phone=\u00bb0px\u00bb header_2_letter_spacing_last_edited=\u00bboff|tablet\u00bb global_colors_info=\u00bb{}\u00bb]<\/p>\n<h2>Islas Canarias<\/h2>\n<p>[\/et_pb_text][\/et_pb_column][\/et_pb_row][\/et_pb_section][et_pb_section fb_built=\u00bb1&#8243; admin_label=\u00bbSection Title\u00bb _builder_version=\u00bb4.27.0&#8243; background_color=\u00bbrgba(0,0,0,0.09)\u00bb custom_margin=\u00bb||||false|false\u00bb custom_padding=\u00bb1px||24px|||\u00bb global_colors_info=\u00bb{}\u00bb][et_pb_row _builder_version=\u00bb4.25.1&#8243; width_tablet=\u00bb\u00bb width_phone=\u00bb92%\u00bb width_last_edited=\u00bbon|phone\u00bb locked=\u00bboff\u00bb global_colors_info=\u00bb{}\u00bb][et_pb_column type=\u00bb4_4&#8243; _builder_version=\u00bb4.16&#8243; custom_padding=\u00bb|||\u00bb global_colors_info=\u00bb{}\u00bb custom_padding__hover=\u00bb|||\u00bb][et_pb_text _builder_version=\u00bb4.27.0&#8243; header_font=\u00bb||||||||\u00bb header_2_font=\u00bbSaira Stencil One|&#8211;et_global_body_font_weight||on|||||\u00bb header_2_text_align=\u00bbcenter\u00bb header_2_text_color=\u00bb#000000&#8243; header_2_font_size=\u00bb64px\u00bb transform_scale=\u00bb82%|100%\u00bb transform_scale_linked=\u00bboff\u00bb custom_margin=\u00bb40px||||false|false\u00bb header_2_font_size_tablet=\u00bb36px\u00bb header_2_font_size_phone=\u00bb48px\u00bb header_2_font_size_last_edited=\u00bbon|phone\u00bb header_2_letter_spacing_tablet=\u00bb0px\u00bb header_2_letter_spacing_phone=\u00bb0px\u00bb header_2_letter_spacing_last_edited=\u00bboff|tablet\u00bb global_colors_info=\u00bb{}\u00bb]<\/p>\n<h2>LA GOMERA<\/h2>\n<p>[\/et_pb_text][\/et_pb_column][\/et_pb_row][et_pb_row _builder_version=\u00bb4.25.1&#8243; width_tablet=\u00bb\u00bb width_phone=\u00bb92%\u00bb width_last_edited=\u00bbon|phone\u00bb locked=\u00bboff\u00bb global_colors_info=\u00bb{}\u00bb][et_pb_column type=\u00bb4_4&#8243; _builder_version=\u00bb4.16&#8243; custom_padding=\u00bb|||\u00bb global_colors_info=\u00bb{}\u00bb custom_padding__hover=\u00bb|||\u00bb][et_pb_text _builder_version=\u00bb4.27.0&#8243; text_font=\u00bbOpen Sans||||||||\u00bb text_text_color=\u00bb#000000&#8243; text_font_size=\u00bb17px\u00bb text_line_height=\u00bb2em\u00bb transform_scale_tablet=\u00bb\u00bb transform_scale_phone=\u00bb\u00bb transform_scale_last_edited=\u00bbon|desktop\u00bb transform_translate_tablet=\u00bb\u00bb transform_translate_phone=\u00bb\u00bb transform_translate_last_edited=\u00bbon|desktop\u00bb transform_rotate_tablet=\u00bb\u00bb transform_rotate_phone=\u00bb\u00bb transform_rotate_last_edited=\u00bbon|desktop\u00bb transform_skew_tablet=\u00bb\u00bb transform_skew_phone=\u00bb\u00bb transform_skew_last_edited=\u00bbon|desktop\u00bb transform_origin_tablet=\u00bb\u00bb transform_origin_phone=\u00bb\u00bb transform_origin_last_edited=\u00bbon|desktop\u00bb transform_styles_last_edited=\u00bbon|desktop\u00bb max_width=\u00bb100%\u00bb max_width_tablet=\u00bb62%\u00bb max_width_phone=\u00bb85%\u00bb max_width_last_edited=\u00bbon|phone\u00bb module_alignment=\u00bbleft\u00bb text_font_size_tablet=\u00bb16px\u00bb text_font_size_phone=\u00bb14px\u00bb text_font_size_last_edited=\u00bbon|phone\u00bb text_letter_spacing_tablet=\u00bb\u00bb text_letter_spacing_phone=\u00bb0px\u00bb text_letter_spacing_last_edited=\u00bbon|tablet\u00bb transform_styles_tablet=\u00bb\u00bb transform_styles_phone=\u00bb\u00bb global_colors_info=\u00bb{}\u00bb]<\/p>\n<p style=\"text-align: center;\"><strong>Playa Santiago<br \/><\/strong><\/p>\n<p>[\/et_pb_text][\/et_pb_column][\/et_pb_row][et_pb_row column_structure=\u00bb1_3,1_3,1_3&#8243; _builder_version=\u00bb4.27.0&#8243; width_tablet=\u00bb\u00bb width_phone=\u00bb92%\u00bb width_last_edited=\u00bbon|phone\u00bb custom_margin_tablet=\u00bb\u00bb custom_margin_phone=\u00bb||-33px||false|false\u00bb custom_margin_last_edited=\u00bbon|phone\u00bb locked=\u00bboff\u00bb global_colors_info=\u00bb{}\u00bb][et_pb_column type=\u00bb1_3&#8243; _builder_version=\u00bb4.16&#8243; custom_padding=\u00bb|||\u00bb global_colors_info=\u00bb{}\u00bb custom_padding__hover=\u00bb|||\u00bb][et_pb_text _builder_version=\u00bb4.27.0&#8243; text_font=\u00bbOpen Sans||||||||\u00bb text_text_color=\u00bb#000000&#8243; text_font_size=\u00bb17px\u00bb text_line_height=\u00bb2em\u00bb transform_scale_tablet=\u00bb\u00bb transform_scale_phone=\u00bb\u00bb transform_scale_last_edited=\u00bbon|desktop\u00bb transform_translate_tablet=\u00bb\u00bb transform_translate_phone=\u00bb\u00bb transform_translate_last_edited=\u00bbon|desktop\u00bb transform_rotate_tablet=\u00bb\u00bb transform_rotate_phone=\u00bb\u00bb transform_rotate_last_edited=\u00bbon|desktop\u00bb transform_skew_tablet=\u00bb\u00bb transform_skew_phone=\u00bb\u00bb transform_skew_last_edited=\u00bbon|desktop\u00bb transform_origin_tablet=\u00bb\u00bb transform_origin_phone=\u00bb\u00bb transform_origin_last_edited=\u00bbon|desktop\u00bb transform_styles_last_edited=\u00bbon|desktop\u00bb max_width=\u00bb100%\u00bb max_width_tablet=\u00bb62%\u00bb max_width_phone=\u00bb85%\u00bb max_width_last_edited=\u00bbon|phone\u00bb module_alignment=\u00bbleft\u00bb text_font_size_tablet=\u00bb16px\u00bb text_font_size_phone=\u00bb14px\u00bb text_font_size_last_edited=\u00bbon|phone\u00bb text_letter_spacing_tablet=\u00bb\u00bb text_letter_spacing_phone=\u00bb0px\u00bb text_letter_spacing_last_edited=\u00bbon|tablet\u00bb transform_styles_tablet=\u00bb\u00bb transform_styles_phone=\u00bb\u00bb global_colors_info=\u00bb{}\u00bb]<\/p>\n<p style=\"text-align: left;\"><strong>Gomera Jewles<\/strong><br \/>La Banda, 28, 38810 Playa de Santiago, Santa Cruz de Tenerife<br \/>922895001<br \/>www.gomerajewels.com<\/p>\n<p>[\/et_pb_text][\/et_pb_column][et_pb_column type=\u00bb1_3&#8243; _builder_version=\u00bb4.16&#8243; custom_padding=\u00bb|||\u00bb global_colors_info=\u00bb{}\u00bb custom_padding__hover=\u00bb|||\u00bb][et_pb_text _builder_version=\u00bb4.27.0&#8243; text_font=\u00bbOpen Sans||||||||\u00bb text_text_color=\u00bb#000000&#8243; text_font_size=\u00bb17px\u00bb text_line_height=\u00bb2em\u00bb transform_scale_tablet=\u00bb\u00bb transform_scale_phone=\u00bb\u00bb transform_scale_last_edited=\u00bbon|desktop\u00bb transform_translate_tablet=\u00bb\u00bb transform_translate_phone=\u00bb\u00bb transform_translate_last_edited=\u00bbon|desktop\u00bb transform_rotate_tablet=\u00bb\u00bb transform_rotate_phone=\u00bb\u00bb transform_rotate_last_edited=\u00bbon|desktop\u00bb transform_skew_tablet=\u00bb\u00bb transform_skew_phone=\u00bb\u00bb transform_skew_last_edited=\u00bbon|desktop\u00bb transform_origin_tablet=\u00bb\u00bb transform_origin_phone=\u00bb\u00bb transform_origin_last_edited=\u00bbon|desktop\u00bb transform_styles_last_edited=\u00bbon|desktop\u00bb max_width=\u00bb100%\u00bb max_width_tablet=\u00bb62%\u00bb max_width_phone=\u00bb85%\u00bb max_width_last_edited=\u00bbon|phone\u00bb module_alignment=\u00bbleft\u00bb text_font_size_tablet=\u00bb16px\u00bb text_font_size_phone=\u00bb14px\u00bb text_font_size_last_edited=\u00bbon|phone\u00bb text_letter_spacing_tablet=\u00bb\u00bb text_letter_spacing_phone=\u00bb0px\u00bb text_letter_spacing_last_edited=\u00bbon|tablet\u00bb transform_styles_tablet=\u00bb\u00bb transform_styles_phone=\u00bb\u00bb global_colors_info=\u00bb{}\u00bb]<\/p>\n<p style=\"text-align: left;\"><strong>Gomera Cycling<br \/><\/strong>Av. Mar\u00edtima, 2A, 38810 Alajer\u00f3, Santa Cruz de Tenerife<br \/>922895145<br \/>www.gomeracycling.com <\/p>\n<p>[\/et_pb_text][\/et_pb_column][et_pb_column type=\u00bb1_3&#8243; _builder_version=\u00bb4.16&#8243; custom_padding=\u00bb|||\u00bb global_colors_info=\u00bb{}\u00bb custom_padding__hover=\u00bb|||\u00bb][et_pb_text _builder_version=\u00bb4.27.0&#8243; text_font=\u00bbOpen Sans||||||||\u00bb text_text_color=\u00bb#000000&#8243; text_font_size=\u00bb17px\u00bb text_line_height=\u00bb2em\u00bb transform_scale_tablet=\u00bb\u00bb transform_scale_phone=\u00bb\u00bb transform_scale_last_edited=\u00bbon|desktop\u00bb transform_translate_tablet=\u00bb\u00bb transform_translate_phone=\u00bb\u00bb transform_translate_last_edited=\u00bbon|desktop\u00bb transform_rotate_tablet=\u00bb\u00bb transform_rotate_phone=\u00bb\u00bb transform_rotate_last_edited=\u00bbon|desktop\u00bb transform_skew_tablet=\u00bb\u00bb transform_skew_phone=\u00bb\u00bb transform_skew_last_edited=\u00bbon|desktop\u00bb transform_origin_tablet=\u00bb\u00bb transform_origin_phone=\u00bb\u00bb transform_origin_last_edited=\u00bbon|desktop\u00bb transform_styles_last_edited=\u00bbon|desktop\u00bb max_width=\u00bb100%\u00bb max_width_tablet=\u00bb62%\u00bb max_width_phone=\u00bb85%\u00bb max_width_last_edited=\u00bbon|phone\u00bb module_alignment=\u00bbleft\u00bb text_font_size_tablet=\u00bb16px\u00bb text_font_size_phone=\u00bb14px\u00bb text_font_size_last_edited=\u00bbon|phone\u00bb text_letter_spacing_tablet=\u00bb\u00bb text_letter_spacing_phone=\u00bb0px\u00bb text_letter_spacing_last_edited=\u00bbon|tablet\u00bb transform_styles_tablet=\u00bb\u00bb transform_styles_phone=\u00bb\u00bb global_colors_info=\u00bb{}\u00bb]<\/p>\n<p style=\"text-align: left;\"><strong>Foto Libre<\/strong><br \/>Av. Mar\u00edtima, 4, 38810 Alajer\u00f3, Santa Cruz de Tenerife<br \/>922895020 <\/p>\n<p>[\/et_pb_text][\/et_pb_column][\/et_pb_row][et_pb_row column_structure=\u00bb1_3,1_3,1_3&#8243; _builder_version=\u00bb4.25.1&#8243; width_tablet=\u00bb\u00bb width_phone=\u00bb92%\u00bb width_last_edited=\u00bbon|phone\u00bb locked=\u00bboff\u00bb global_colors_info=\u00bb{}\u00bb][et_pb_column type=\u00bb1_3&#8243; _builder_version=\u00bb4.16&#8243; custom_padding=\u00bb|||\u00bb global_colors_info=\u00bb{}\u00bb custom_padding__hover=\u00bb|||\u00bb][et_pb_text _builder_version=\u00bb4.27.0&#8243; text_font=\u00bbOpen Sans||||||||\u00bb text_text_color=\u00bb#000000&#8243; text_font_size=\u00bb17px\u00bb text_line_height=\u00bb2em\u00bb transform_scale_tablet=\u00bb\u00bb transform_scale_phone=\u00bb\u00bb transform_scale_last_edited=\u00bbon|desktop\u00bb transform_translate_tablet=\u00bb\u00bb transform_translate_phone=\u00bb\u00bb transform_translate_last_edited=\u00bbon|desktop\u00bb transform_rotate_tablet=\u00bb\u00bb transform_rotate_phone=\u00bb\u00bb transform_rotate_last_edited=\u00bbon|desktop\u00bb transform_skew_tablet=\u00bb\u00bb transform_skew_phone=\u00bb\u00bb transform_skew_last_edited=\u00bbon|desktop\u00bb transform_origin_tablet=\u00bb\u00bb transform_origin_phone=\u00bb\u00bb transform_origin_last_edited=\u00bbon|desktop\u00bb transform_styles_last_edited=\u00bbon|desktop\u00bb max_width=\u00bb100%\u00bb max_width_tablet=\u00bb62%\u00bb max_width_phone=\u00bb85%\u00bb max_width_last_edited=\u00bbon|phone\u00bb module_alignment=\u00bbleft\u00bb text_font_size_tablet=\u00bb16px\u00bb text_font_size_phone=\u00bb14px\u00bb text_font_size_last_edited=\u00bbon|phone\u00bb text_letter_spacing_tablet=\u00bb\u00bb text_letter_spacing_phone=\u00bb0px\u00bb text_letter_spacing_last_edited=\u00bbon|tablet\u00bb transform_styles_tablet=\u00bb\u00bb transform_styles_phone=\u00bb\u00bb global_colors_info=\u00bb{}\u00bb]<\/p>\n<p style=\"text-align: left;\"><strong>Minimercado<\/strong><br \/>HPB Santa Ana Las Trincheras,, C. Trincheras, Playa de Santiago, Santa Cruz de Tenerife  <\/p>\n<p>[\/et_pb_text][\/et_pb_column][et_pb_column type=\u00bb1_3&#8243; _builder_version=\u00bb4.16&#8243; custom_padding=\u00bb|||\u00bb global_colors_info=\u00bb{}\u00bb custom_padding__hover=\u00bb|||\u00bb][et_pb_text _builder_version=\u00bb4.27.0&#8243; text_font=\u00bbOpen Sans||||||||\u00bb text_text_color=\u00bb#000000&#8243; text_font_size=\u00bb17px\u00bb text_line_height=\u00bb2em\u00bb transform_scale_tablet=\u00bb\u00bb transform_scale_phone=\u00bb\u00bb transform_scale_last_edited=\u00bbon|desktop\u00bb transform_translate_tablet=\u00bb\u00bb transform_translate_phone=\u00bb\u00bb transform_translate_last_edited=\u00bbon|desktop\u00bb transform_rotate_tablet=\u00bb\u00bb transform_rotate_phone=\u00bb\u00bb transform_rotate_last_edited=\u00bbon|desktop\u00bb transform_skew_tablet=\u00bb\u00bb transform_skew_phone=\u00bb\u00bb transform_skew_last_edited=\u00bbon|desktop\u00bb transform_origin_tablet=\u00bb\u00bb transform_origin_phone=\u00bb\u00bb transform_origin_last_edited=\u00bbon|desktop\u00bb transform_styles_last_edited=\u00bbon|desktop\u00bb max_width=\u00bb100%\u00bb max_width_tablet=\u00bb62%\u00bb max_width_phone=\u00bb85%\u00bb max_width_last_edited=\u00bbon|phone\u00bb module_alignment=\u00bbleft\u00bb text_font_size_tablet=\u00bb16px\u00bb text_font_size_phone=\u00bb14px\u00bb text_font_size_last_edited=\u00bbon|phone\u00bb text_letter_spacing_tablet=\u00bb\u00bb text_letter_spacing_phone=\u00bb0px\u00bb text_letter_spacing_last_edited=\u00bbon|tablet\u00bb transform_styles_tablet=\u00bb\u00bb transform_styles_phone=\u00bb\u00bb global_colors_info=\u00bb{}\u00bb]<\/p>\n<p style=\"text-align: left;\"><strong>Aeropuerto La Gomera<\/strong><br \/>Carretera General, S\/N, 38812 Alajer\u00f3, Santa Cruz de Tenerife  <\/p>\n<p>[\/et_pb_text][\/et_pb_column][et_pb_column type=\u00bb1_3&#8243; _builder_version=\u00bb4.16&#8243; custom_padding=\u00bb|||\u00bb global_colors_info=\u00bb{}\u00bb custom_padding__hover=\u00bb|||\u00bb][et_pb_text _builder_version=\u00bb4.27.0&#8243; text_font=\u00bbOpen Sans||||||||\u00bb text_text_color=\u00bb#000000&#8243; text_font_size=\u00bb17px\u00bb text_line_height=\u00bb2em\u00bb transform_scale_tablet=\u00bb\u00bb transform_scale_phone=\u00bb\u00bb transform_scale_last_edited=\u00bbon|desktop\u00bb transform_translate_tablet=\u00bb\u00bb transform_translate_phone=\u00bb\u00bb transform_translate_last_edited=\u00bbon|desktop\u00bb transform_rotate_tablet=\u00bb\u00bb transform_rotate_phone=\u00bb\u00bb transform_rotate_last_edited=\u00bbon|desktop\u00bb transform_skew_tablet=\u00bb\u00bb transform_skew_phone=\u00bb\u00bb transform_skew_last_edited=\u00bbon|desktop\u00bb transform_origin_tablet=\u00bb\u00bb transform_origin_phone=\u00bb\u00bb transform_origin_last_edited=\u00bbon|desktop\u00bb transform_styles_last_edited=\u00bbon|desktop\u00bb max_width=\u00bb100%\u00bb max_width_tablet=\u00bb62%\u00bb max_width_phone=\u00bb85%\u00bb max_width_last_edited=\u00bbon|phone\u00bb module_alignment=\u00bbleft\u00bb text_font_size_tablet=\u00bb16px\u00bb text_font_size_phone=\u00bb14px\u00bb text_font_size_last_edited=\u00bbon|phone\u00bb text_letter_spacing_tablet=\u00bb\u00bb text_letter_spacing_phone=\u00bb0px\u00bb text_letter_spacing_last_edited=\u00bbon|tablet\u00bb transform_styles_tablet=\u00bb\u00bb transform_styles_phone=\u00bb\u00bb global_colors_info=\u00bb{}\u00bb]<\/p>\n<p style=\"text-align: left;\"><strong>Dulcer\u00eda Mimila<br \/><\/strong>C. San Juanito, 65, 38811 Tecina, Santa Cruz de Tenerife<br \/>922895286<br \/>www.dulcesmimila.com<\/p>\n<p>[\/et_pb_text][\/et_pb_column][\/et_pb_row][et_pb_row _builder_version=\u00bb4.25.1&#8243; width_tablet=\u00bb\u00bb width_phone=\u00bb92%\u00bb width_last_edited=\u00bbon|phone\u00bb locked=\u00bboff\u00bb global_colors_info=\u00bb{}\u00bb][et_pb_column type=\u00bb4_4&#8243; _builder_version=\u00bb4.16&#8243; custom_padding=\u00bb|||\u00bb global_colors_info=\u00bb{}\u00bb custom_padding__hover=\u00bb|||\u00bb][et_pb_text _builder_version=\u00bb4.27.0&#8243; text_font=\u00bbOpen Sans||||||||\u00bb text_text_color=\u00bb#000000&#8243; text_font_size=\u00bb17px\u00bb text_line_height=\u00bb2em\u00bb transform_scale_tablet=\u00bb\u00bb transform_scale_phone=\u00bb\u00bb transform_scale_last_edited=\u00bbon|desktop\u00bb transform_translate_tablet=\u00bb\u00bb transform_translate_phone=\u00bb\u00bb transform_translate_last_edited=\u00bbon|desktop\u00bb transform_rotate_tablet=\u00bb\u00bb transform_rotate_phone=\u00bb\u00bb transform_rotate_last_edited=\u00bbon|desktop\u00bb transform_skew_tablet=\u00bb\u00bb transform_skew_phone=\u00bb\u00bb transform_skew_last_edited=\u00bbon|desktop\u00bb transform_origin_tablet=\u00bb\u00bb transform_origin_phone=\u00bb\u00bb transform_origin_last_edited=\u00bbon|desktop\u00bb transform_styles_last_edited=\u00bbon|desktop\u00bb max_width=\u00bb100%\u00bb max_width_tablet=\u00bb62%\u00bb max_width_phone=\u00bb85%\u00bb max_width_last_edited=\u00bbon|phone\u00bb module_alignment=\u00bbleft\u00bb text_font_size_tablet=\u00bb16px\u00bb text_font_size_phone=\u00bb14px\u00bb text_font_size_last_edited=\u00bbon|phone\u00bb text_letter_spacing_tablet=\u00bb\u00bb text_letter_spacing_phone=\u00bb0px\u00bb text_letter_spacing_last_edited=\u00bbon|tablet\u00bb transform_styles_tablet=\u00bb\u00bb transform_styles_phone=\u00bb\u00bb global_colors_info=\u00bb{}\u00bb]<\/p>\n<p style=\"text-align: center;\"><strong>Valle Gran Rey<br \/><\/strong><\/p>\n<p>[\/et_pb_text][\/et_pb_column][\/et_pb_row][et_pb_row column_structure=\u00bb1_3,1_3,1_3&#8243; _builder_version=\u00bb4.27.0&#8243; width_tablet=\u00bb\u00bb width_phone=\u00bb92%\u00bb width_last_edited=\u00bbon|phone\u00bb custom_margin_tablet=\u00bb\u00bb custom_margin_phone=\u00bb||-33px||false|false\u00bb custom_margin_last_edited=\u00bbon|phone\u00bb locked=\u00bboff\u00bb global_colors_info=\u00bb{}\u00bb][et_pb_column type=\u00bb1_3&#8243; _builder_version=\u00bb4.16&#8243; custom_padding=\u00bb|||\u00bb global_colors_info=\u00bb{}\u00bb custom_padding__hover=\u00bb|||\u00bb][et_pb_text _builder_version=\u00bb4.27.0&#8243; text_font=\u00bbOpen Sans||||||||\u00bb text_text_color=\u00bb#000000&#8243; text_font_size=\u00bb17px\u00bb text_line_height=\u00bb2em\u00bb transform_scale_tablet=\u00bb\u00bb transform_scale_phone=\u00bb\u00bb transform_scale_last_edited=\u00bbon|desktop\u00bb transform_translate_tablet=\u00bb\u00bb transform_translate_phone=\u00bb\u00bb transform_translate_last_edited=\u00bbon|desktop\u00bb transform_rotate_tablet=\u00bb\u00bb transform_rotate_phone=\u00bb\u00bb transform_rotate_last_edited=\u00bbon|desktop\u00bb transform_skew_tablet=\u00bb\u00bb transform_skew_phone=\u00bb\u00bb transform_skew_last_edited=\u00bbon|desktop\u00bb transform_origin_tablet=\u00bb\u00bb transform_origin_phone=\u00bb\u00bb transform_origin_last_edited=\u00bbon|desktop\u00bb transform_styles_last_edited=\u00bbon|desktop\u00bb max_width=\u00bb100%\u00bb max_width_tablet=\u00bb62%\u00bb max_width_phone=\u00bb85%\u00bb max_width_last_edited=\u00bbon|phone\u00bb module_alignment=\u00bbleft\u00bb text_font_size_tablet=\u00bb16px\u00bb text_font_size_phone=\u00bb14px\u00bb text_font_size_last_edited=\u00bbon|phone\u00bb text_letter_spacing_tablet=\u00bb\u00bb text_letter_spacing_phone=\u00bb0px\u00bb text_letter_spacing_last_edited=\u00bbon|tablet\u00bb transform_styles_tablet=\u00bb\u00bb transform_styles_phone=\u00bb\u00bb global_colors_info=\u00bb{}\u00bb]<\/p>\n<p style=\"text-align: left;\"><strong>Noa&#8217;s Ark Bread &amp; Jam<br \/>\n<\/strong> C. el molino, 38870 Valle Gran Rey, Santa Cruz de Tenerife 663944050[\/et_pb_text][\/et_pb_column][et_pb_column type=\u00bb1_3&#8243; _builder_version=\u00bb4.16&#8243; custom_padding=\u00bb|||\u00bb global_colors_info=\u00bb{}\u00bb custom_padding__hover=\u00bb|||\u00bb][et_pb_text _builder_version=\u00bb4.27.0&#8243; text_font=\u00bbOpen Sans||||||||\u00bb text_text_color=\u00bb#000000&#8243; text_font_size=\u00bb17px\u00bb text_line_height=\u00bb2em\u00bb transform_scale_tablet=\u00bb\u00bb transform_scale_phone=\u00bb\u00bb transform_scale_last_edited=\u00bbon|desktop\u00bb transform_translate_tablet=\u00bb\u00bb transform_translate_phone=\u00bb\u00bb transform_translate_last_edited=\u00bbon|desktop\u00bb transform_rotate_tablet=\u00bb\u00bb transform_rotate_phone=\u00bb\u00bb transform_rotate_last_edited=\u00bbon|desktop\u00bb transform_skew_tablet=\u00bb\u00bb transform_skew_phone=\u00bb\u00bb transform_skew_last_edited=\u00bbon|desktop\u00bb transform_origin_tablet=\u00bb\u00bb transform_origin_phone=\u00bb\u00bb transform_origin_last_edited=\u00bbon|desktop\u00bb transform_styles_last_edited=\u00bbon|desktop\u00bb max_width=\u00bb100%\u00bb max_width_tablet=\u00bb62%\u00bb max_width_phone=\u00bb85%\u00bb max_width_last_edited=\u00bbon|phone\u00bb module_alignment=\u00bbleft\u00bb text_font_size_tablet=\u00bb16px\u00bb text_font_size_phone=\u00bb14px\u00bb text_font_size_last_edited=\u00bbon|phone\u00bb text_letter_spacing_tablet=\u00bb\u00bb text_letter_spacing_phone=\u00bb0px\u00bb text_letter_spacing_last_edited=\u00bbon|tablet\u00bb transform_styles_tablet=\u00bb\u00bb transform_styles_phone=\u00bb\u00bb global_colors_info=\u00bb{}\u00bb]<\/p>\n<p style=\"text-align: left;\"><strong>Finca Ecol\u00f3gica Lomo del Riego<br \/>\n<\/strong> CV-7, 284, 38870 Valle Gran Rey, Santa Cruz de Tenerife<br \/>\n922806253<\/p>\n<p>[\/et_pb_text][\/et_pb_column][et_pb_column type=\u00bb1_3&#8243; _builder_version=\u00bb4.16&#8243; custom_padding=\u00bb|||\u00bb global_colors_info=\u00bb{}\u00bb custom_padding__hover=\u00bb|||\u00bb][et_pb_text _builder_version=\u00bb4.27.0&#8243; text_font=\u00bbOpen Sans||||||||\u00bb text_text_color=\u00bb#000000&#8243; text_font_size=\u00bb17px\u00bb text_line_height=\u00bb2em\u00bb transform_scale_tablet=\u00bb\u00bb transform_scale_phone=\u00bb\u00bb transform_scale_last_edited=\u00bbon|desktop\u00bb transform_translate_tablet=\u00bb\u00bb transform_translate_phone=\u00bb\u00bb transform_translate_last_edited=\u00bbon|desktop\u00bb transform_rotate_tablet=\u00bb\u00bb transform_rotate_phone=\u00bb\u00bb transform_rotate_last_edited=\u00bbon|desktop\u00bb transform_skew_tablet=\u00bb\u00bb transform_skew_phone=\u00bb\u00bb transform_skew_last_edited=\u00bbon|desktop\u00bb transform_origin_tablet=\u00bb\u00bb transform_origin_phone=\u00bb\u00bb transform_origin_last_edited=\u00bbon|desktop\u00bb transform_styles_last_edited=\u00bbon|desktop\u00bb max_width=\u00bb100%\u00bb max_width_tablet=\u00bb62%\u00bb max_width_phone=\u00bb85%\u00bb max_width_last_edited=\u00bbon|phone\u00bb module_alignment=\u00bbleft\u00bb text_font_size_tablet=\u00bb16px\u00bb text_font_size_phone=\u00bb14px\u00bb text_font_size_last_edited=\u00bbon|phone\u00bb text_letter_spacing_tablet=\u00bb\u00bb text_letter_spacing_phone=\u00bb0px\u00bb text_letter_spacing_last_edited=\u00bbon|tablet\u00bb transform_styles_tablet=\u00bb\u00bb transform_styles_phone=\u00bb\u00bb global_colors_info=\u00bb{}\u00bb]<\/p>\n<p style=\"text-align: left;\"><strong>Maitia Caf\u00e9<br \/><\/strong>38870 Valle Gran Rey, Santa Cruz de Tenerife<br \/>822908059<br \/>www.maitiacafe.es<\/p>\n<p>[\/et_pb_text][\/et_pb_column][\/et_pb_row][et_pb_row column_structure=\u00bb1_3,1_3,1_3&#8243; _builder_version=\u00bb4.27.0&#8243; width_tablet=\u00bb\u00bb width_phone=\u00bb92%\u00bb width_last_edited=\u00bbon|phone\u00bb custom_margin_tablet=\u00bb\u00bb custom_margin_phone=\u00bb||-33px||false|false\u00bb custom_margin_last_edited=\u00bbon|phone\u00bb locked=\u00bboff\u00bb global_colors_info=\u00bb{}\u00bb][et_pb_column type=\u00bb1_3&#8243; _builder_version=\u00bb4.16&#8243; custom_padding=\u00bb|||\u00bb global_colors_info=\u00bb{}\u00bb custom_padding__hover=\u00bb|||\u00bb][et_pb_text _builder_version=\u00bb4.27.6&#8243; text_font=\u00bbOpen Sans||||||||\u00bb text_text_color=\u00bb#000000&#8243; text_font_size=\u00bb17px\u00bb text_line_height=\u00bb2em\u00bb transform_scale_tablet=\u00bb\u00bb transform_scale_phone=\u00bb\u00bb transform_scale_last_edited=\u00bbon|desktop\u00bb transform_translate_tablet=\u00bb\u00bb transform_translate_phone=\u00bb\u00bb transform_translate_last_edited=\u00bbon|desktop\u00bb transform_rotate_tablet=\u00bb\u00bb transform_rotate_phone=\u00bb\u00bb transform_rotate_last_edited=\u00bbon|desktop\u00bb transform_skew_tablet=\u00bb\u00bb transform_skew_phone=\u00bb\u00bb transform_skew_last_edited=\u00bbon|desktop\u00bb transform_origin_tablet=\u00bb\u00bb transform_origin_phone=\u00bb\u00bb transform_origin_last_edited=\u00bbon|desktop\u00bb transform_styles_last_edited=\u00bbon|desktop\u00bb max_width=\u00bb100%\u00bb max_width_tablet=\u00bb62%\u00bb max_width_phone=\u00bb85%\u00bb max_width_last_edited=\u00bbon|phone\u00bb module_alignment=\u00bbleft\u00bb text_font_size_tablet=\u00bb16px\u00bb text_font_size_phone=\u00bb14px\u00bb text_font_size_last_edited=\u00bbon|phone\u00bb text_letter_spacing_tablet=\u00bb\u00bb text_letter_spacing_phone=\u00bb0px\u00bb text_letter_spacing_last_edited=\u00bbon|tablet\u00bb transform_styles_tablet=\u00bb\u00bb transform_styles_phone=\u00bb\u00bb global_colors_info=\u00bb{}\u00bb]<\/p>\n<p style=\"text-align: left;\"><strong>Madre Campo <\/strong><br \/>C. La Playa 16<br \/>Valle Gran Rey<br \/>922 80 61 85<\/p>\n<p>[\/et_pb_text][\/et_pb_column][et_pb_column type=\u00bb1_3&#8243; _builder_version=\u00bb4.16&#8243; custom_padding=\u00bb|||\u00bb global_colors_info=\u00bb{}\u00bb custom_padding__hover=\u00bb|||\u00bb][et_pb_text _builder_version=\u00bb4.27.6&#8243; text_font=\u00bbOpen Sans||||||||\u00bb text_text_color=\u00bb#000000&#8243; text_font_size=\u00bb17px\u00bb text_line_height=\u00bb2em\u00bb transform_scale_tablet=\u00bb\u00bb transform_scale_phone=\u00bb\u00bb transform_scale_last_edited=\u00bbon|desktop\u00bb transform_translate_tablet=\u00bb\u00bb transform_translate_phone=\u00bb\u00bb transform_translate_last_edited=\u00bbon|desktop\u00bb transform_rotate_tablet=\u00bb\u00bb transform_rotate_phone=\u00bb\u00bb transform_rotate_last_edited=\u00bbon|desktop\u00bb transform_skew_tablet=\u00bb\u00bb transform_skew_phone=\u00bb\u00bb transform_skew_last_edited=\u00bbon|desktop\u00bb transform_origin_tablet=\u00bb\u00bb transform_origin_phone=\u00bb\u00bb transform_origin_last_edited=\u00bbon|desktop\u00bb transform_styles_last_edited=\u00bbon|desktop\u00bb max_width=\u00bb100%\u00bb max_width_tablet=\u00bb62%\u00bb max_width_phone=\u00bb85%\u00bb max_width_last_edited=\u00bbon|phone\u00bb module_alignment=\u00bbleft\u00bb text_font_size_tablet=\u00bb16px\u00bb text_font_size_phone=\u00bb14px\u00bb text_font_size_last_edited=\u00bbon|phone\u00bb text_letter_spacing_tablet=\u00bb\u00bb text_letter_spacing_phone=\u00bb0px\u00bb text_letter_spacing_last_edited=\u00bbon|tablet\u00bb transform_styles_tablet=\u00bb\u00bb transform_styles_phone=\u00bb\u00bb global_colors_info=\u00bb{}\u00bb]<\/p>\n<p style=\"text-align: left;\"><strong>Herbolario Naturval<\/strong><br \/>Vueltas 10<br \/>Valle Gran Rey<br \/>922 80 50 15<\/p>\n<p>[\/et_pb_text][\/et_pb_column][et_pb_column type=\u00bb1_3&#8243; _builder_version=\u00bb4.16&#8243; custom_padding=\u00bb|||\u00bb global_colors_info=\u00bb{}\u00bb custom_padding__hover=\u00bb|||\u00bb][\/et_pb_column][\/et_pb_row][et_pb_row _builder_version=\u00bb4.25.1&#8243; width_tablet=\u00bb\u00bb width_phone=\u00bb92%\u00bb width_last_edited=\u00bbon|phone\u00bb locked=\u00bboff\u00bb global_colors_info=\u00bb{}\u00bb][et_pb_column type=\u00bb4_4&#8243; _builder_version=\u00bb4.16&#8243; custom_padding=\u00bb|||\u00bb global_colors_info=\u00bb{}\u00bb custom_padding__hover=\u00bb|||\u00bb][et_pb_text _builder_version=\u00bb4.27.0&#8243; text_font=\u00bbOpen Sans||||||||\u00bb text_text_color=\u00bb#000000&#8243; text_font_size=\u00bb17px\u00bb text_line_height=\u00bb2em\u00bb transform_scale_tablet=\u00bb\u00bb transform_scale_phone=\u00bb\u00bb transform_scale_last_edited=\u00bbon|desktop\u00bb transform_translate_tablet=\u00bb\u00bb transform_translate_phone=\u00bb\u00bb transform_translate_last_edited=\u00bbon|desktop\u00bb transform_rotate_tablet=\u00bb\u00bb transform_rotate_phone=\u00bb\u00bb transform_rotate_last_edited=\u00bbon|desktop\u00bb transform_skew_tablet=\u00bb\u00bb transform_skew_phone=\u00bb\u00bb transform_skew_last_edited=\u00bbon|desktop\u00bb transform_origin_tablet=\u00bb\u00bb transform_origin_phone=\u00bb\u00bb transform_origin_last_edited=\u00bbon|desktop\u00bb transform_styles_last_edited=\u00bbon|desktop\u00bb max_width=\u00bb100%\u00bb max_width_tablet=\u00bb62%\u00bb max_width_phone=\u00bb85%\u00bb max_width_last_edited=\u00bbon|phone\u00bb module_alignment=\u00bbleft\u00bb text_font_size_tablet=\u00bb16px\u00bb text_font_size_phone=\u00bb14px\u00bb text_font_size_last_edited=\u00bbon|phone\u00bb text_letter_spacing_tablet=\u00bb\u00bb text_letter_spacing_phone=\u00bb0px\u00bb text_letter_spacing_last_edited=\u00bbon|tablet\u00bb transform_styles_tablet=\u00bb\u00bb transform_styles_phone=\u00bb\u00bb global_colors_info=\u00bb{}\u00bb]<\/p>\n<p style=\"text-align: center;\"><strong>San Sebasti\u00e1n<br \/><\/strong><\/p>\n<p>[\/et_pb_text][\/et_pb_column][\/et_pb_row][et_pb_row column_structure=\u00bb1_3,1_3,1_3&#8243; _builder_version=\u00bb4.27.0&#8243; width_tablet=\u00bb\u00bb width_phone=\u00bb92%\u00bb width_last_edited=\u00bbon|phone\u00bb custom_margin_tablet=\u00bb\u00bb custom_margin_phone=\u00bb||-33px||false|false\u00bb custom_margin_last_edited=\u00bbon|phone\u00bb locked=\u00bboff\u00bb global_colors_info=\u00bb{}\u00bb][et_pb_column type=\u00bb1_3&#8243; _builder_version=\u00bb4.16&#8243; custom_padding=\u00bb|||\u00bb global_colors_info=\u00bb{}\u00bb custom_padding__hover=\u00bb|||\u00bb][et_pb_text _builder_version=\u00bb4.27.0&#8243; text_font=\u00bbOpen Sans||||||||\u00bb text_text_color=\u00bb#000000&#8243; text_font_size=\u00bb17px\u00bb text_line_height=\u00bb2em\u00bb transform_scale_tablet=\u00bb\u00bb transform_scale_phone=\u00bb\u00bb transform_scale_last_edited=\u00bbon|desktop\u00bb transform_translate_tablet=\u00bb\u00bb transform_translate_phone=\u00bb\u00bb transform_translate_last_edited=\u00bbon|desktop\u00bb transform_rotate_tablet=\u00bb\u00bb transform_rotate_phone=\u00bb\u00bb transform_rotate_last_edited=\u00bbon|desktop\u00bb transform_skew_tablet=\u00bb\u00bb transform_skew_phone=\u00bb\u00bb transform_skew_last_edited=\u00bbon|desktop\u00bb transform_origin_tablet=\u00bb\u00bb transform_origin_phone=\u00bb\u00bb transform_origin_last_edited=\u00bbon|desktop\u00bb transform_styles_last_edited=\u00bbon|desktop\u00bb max_width=\u00bb100%\u00bb max_width_tablet=\u00bb62%\u00bb max_width_phone=\u00bb85%\u00bb max_width_last_edited=\u00bbon|phone\u00bb module_alignment=\u00bbleft\u00bb text_font_size_tablet=\u00bb16px\u00bb text_font_size_phone=\u00bb14px\u00bb text_font_size_last_edited=\u00bbon|phone\u00bb text_letter_spacing_tablet=\u00bb\u00bb text_letter_spacing_phone=\u00bb0px\u00bb text_letter_spacing_last_edited=\u00bbon|tablet\u00bb transform_styles_tablet=\u00bb\u00bb transform_styles_phone=\u00bb\u00bb global_colors_info=\u00bb{}\u00bb]<\/p>\n<p style=\"text-align: left;\"><strong>Real Print Souvenirs<\/strong><br \/>C. de Ruiz de Padr\u00f3n, 1, 38800 San Sebasti\u00e1n de La Gomera, Santa Cruz de Tenerife<br \/>663416650<\/p>\n<p>[\/et_pb_text][\/et_pb_column][et_pb_column type=\u00bb1_3&#8243; _builder_version=\u00bb4.16&#8243; custom_padding=\u00bb|||\u00bb global_colors_info=\u00bb{}\u00bb custom_padding__hover=\u00bb|||\u00bb][et_pb_text _builder_version=\u00bb4.27.0&#8243; text_font=\u00bbOpen Sans||||||||\u00bb text_text_color=\u00bb#000000&#8243; text_font_size=\u00bb17px\u00bb text_line_height=\u00bb2em\u00bb transform_scale_tablet=\u00bb\u00bb transform_scale_phone=\u00bb\u00bb transform_scale_last_edited=\u00bbon|desktop\u00bb transform_translate_tablet=\u00bb\u00bb transform_translate_phone=\u00bb\u00bb transform_translate_last_edited=\u00bbon|desktop\u00bb transform_rotate_tablet=\u00bb\u00bb transform_rotate_phone=\u00bb\u00bb transform_rotate_last_edited=\u00bbon|desktop\u00bb transform_skew_tablet=\u00bb\u00bb transform_skew_phone=\u00bb\u00bb transform_skew_last_edited=\u00bbon|desktop\u00bb transform_origin_tablet=\u00bb\u00bb transform_origin_phone=\u00bb\u00bb transform_origin_last_edited=\u00bbon|desktop\u00bb transform_styles_last_edited=\u00bbon|desktop\u00bb max_width=\u00bb100%\u00bb max_width_tablet=\u00bb62%\u00bb max_width_phone=\u00bb85%\u00bb max_width_last_edited=\u00bbon|phone\u00bb module_alignment=\u00bbleft\u00bb text_font_size_tablet=\u00bb16px\u00bb text_font_size_phone=\u00bb14px\u00bb text_font_size_last_edited=\u00bbon|phone\u00bb text_letter_spacing_tablet=\u00bb\u00bb text_letter_spacing_phone=\u00bb0px\u00bb text_letter_spacing_last_edited=\u00bbon|tablet\u00bb transform_styles_tablet=\u00bb\u00bb transform_styles_phone=\u00bb\u00bb global_colors_info=\u00bb{}\u00bb]<\/p>\n<p style=\"text-align: left;\"><strong>Su\u00e1rez<\/strong><br \/>Av. de Col\u00f3n, 13, 38800 San Sebasti\u00e1n de La Gomera, Santa Cruz de Tenerife<br \/>922141874 <\/p>\n<p>[\/et_pb_text][\/et_pb_column][et_pb_column type=\u00bb1_3&#8243; _builder_version=\u00bb4.16&#8243; custom_padding=\u00bb|||\u00bb global_colors_info=\u00bb{}\u00bb custom_padding__hover=\u00bb|||\u00bb][et_pb_text _builder_version=\u00bb4.27.6&#8243; text_font=\u00bbOpen Sans||||||||\u00bb text_text_color=\u00bb#000000&#8243; text_font_size=\u00bb17px\u00bb text_line_height=\u00bb2em\u00bb transform_scale_tablet=\u00bb\u00bb transform_scale_phone=\u00bb\u00bb transform_scale_last_edited=\u00bbon|desktop\u00bb transform_translate_tablet=\u00bb\u00bb transform_translate_phone=\u00bb\u00bb transform_translate_last_edited=\u00bbon|desktop\u00bb transform_rotate_tablet=\u00bb\u00bb transform_rotate_phone=\u00bb\u00bb transform_rotate_last_edited=\u00bbon|desktop\u00bb transform_skew_tablet=\u00bb\u00bb transform_skew_phone=\u00bb\u00bb transform_skew_last_edited=\u00bbon|desktop\u00bb transform_origin_tablet=\u00bb\u00bb transform_origin_phone=\u00bb\u00bb transform_origin_last_edited=\u00bbon|desktop\u00bb transform_styles_last_edited=\u00bbon|desktop\u00bb max_width=\u00bb100%\u00bb max_width_tablet=\u00bb62%\u00bb max_width_phone=\u00bb85%\u00bb max_width_last_edited=\u00bbon|phone\u00bb module_alignment=\u00bbleft\u00bb text_font_size_tablet=\u00bb16px\u00bb text_font_size_phone=\u00bb14px\u00bb text_font_size_last_edited=\u00bbon|phone\u00bb text_letter_spacing_tablet=\u00bb\u00bb text_letter_spacing_phone=\u00bb0px\u00bb text_letter_spacing_last_edited=\u00bbon|tablet\u00bb transform_styles_tablet=\u00bb\u00bb transform_styles_phone=\u00bb\u00bb global_colors_info=\u00bb{}\u00bb]<\/p>\n<p style=\"text-align: left;\"><strong>La Salamandra<\/strong><br \/>Pl. de la constituci\u00f3n 14<br \/>San Sebasti\u00e1n de La Gomera<br \/>626 22 33 01 <\/p>\n<p>[\/et_pb_text][\/et_pb_column][\/et_pb_row][et_pb_row column_structure=\u00bb1_3,1_3,1_3&#8243; _builder_version=\u00bb4.27.0&#8243; width_tablet=\u00bb\u00bb width_phone=\u00bb92%\u00bb width_last_edited=\u00bbon|phone\u00bb custom_margin_tablet=\u00bb\u00bb custom_margin_phone=\u00bb||-33px||false|false\u00bb custom_margin_last_edited=\u00bbon|phone\u00bb locked=\u00bboff\u00bb global_colors_info=\u00bb{}\u00bb][et_pb_column type=\u00bb1_3&#8243; _builder_version=\u00bb4.16&#8243; custom_padding=\u00bb|||\u00bb global_colors_info=\u00bb{}\u00bb custom_padding__hover=\u00bb|||\u00bb][et_pb_text _builder_version=\u00bb4.27.6&#8243; text_font=\u00bbOpen Sans||||||||\u00bb text_text_color=\u00bb#000000&#8243; text_font_size=\u00bb17px\u00bb text_line_height=\u00bb2em\u00bb transform_scale_tablet=\u00bb\u00bb transform_scale_phone=\u00bb\u00bb transform_scale_last_edited=\u00bbon|desktop\u00bb transform_translate_tablet=\u00bb\u00bb transform_translate_phone=\u00bb\u00bb transform_translate_last_edited=\u00bbon|desktop\u00bb transform_rotate_tablet=\u00bb\u00bb transform_rotate_phone=\u00bb\u00bb transform_rotate_last_edited=\u00bbon|desktop\u00bb transform_skew_tablet=\u00bb\u00bb transform_skew_phone=\u00bb\u00bb transform_skew_last_edited=\u00bbon|desktop\u00bb transform_origin_tablet=\u00bb\u00bb transform_origin_phone=\u00bb\u00bb transform_origin_last_edited=\u00bbon|desktop\u00bb transform_styles_last_edited=\u00bbon|desktop\u00bb max_width=\u00bb100%\u00bb max_width_tablet=\u00bb62%\u00bb max_width_phone=\u00bb85%\u00bb max_width_last_edited=\u00bbon|phone\u00bb module_alignment=\u00bbleft\u00bb text_font_size_tablet=\u00bb16px\u00bb text_font_size_phone=\u00bb14px\u00bb text_font_size_last_edited=\u00bbon|phone\u00bb text_letter_spacing_tablet=\u00bb\u00bb text_letter_spacing_phone=\u00bb0px\u00bb text_letter_spacing_last_edited=\u00bbon|tablet\u00bb transform_styles_tablet=\u00bb\u00bb transform_styles_phone=\u00bb\u00bb global_colors_info=\u00bb{}\u00bb]<\/p>\n<p style=\"text-align: left;\"><strong>Herbolario Nature La Gomera<\/strong><br \/>C. Prof, Armas 17<br \/>637 80 12 16<\/p>\n<p>[\/et_pb_text][\/et_pb_column][et_pb_column type=\u00bb1_3&#8243; _builder_version=\u00bb4.16&#8243; custom_padding=\u00bb|||\u00bb global_colors_info=\u00bb{}\u00bb custom_padding__hover=\u00bb|||\u00bb][\/et_pb_column][et_pb_column type=\u00bb1_3&#8243; _builder_version=\u00bb4.16&#8243; custom_padding=\u00bb|||\u00bb global_colors_info=\u00bb{}\u00bb custom_padding__hover=\u00bb|||\u00bb][\/et_pb_column][\/et_pb_row][et_pb_row _builder_version=\u00bb4.25.1&#8243; width_tablet=\u00bb\u00bb width_phone=\u00bb92%\u00bb width_last_edited=\u00bbon|phone\u00bb locked=\u00bboff\u00bb global_colors_info=\u00bb{}\u00bb][et_pb_column type=\u00bb4_4&#8243; _builder_version=\u00bb4.16&#8243; custom_padding=\u00bb|||\u00bb global_colors_info=\u00bb{}\u00bb custom_padding__hover=\u00bb|||\u00bb][et_pb_text _builder_version=\u00bb4.27.0&#8243; text_font=\u00bbOpen Sans||||||||\u00bb text_text_color=\u00bb#000000&#8243; text_font_size=\u00bb17px\u00bb text_line_height=\u00bb2em\u00bb transform_scale_tablet=\u00bb\u00bb transform_scale_phone=\u00bb\u00bb transform_scale_last_edited=\u00bbon|desktop\u00bb transform_translate_tablet=\u00bb\u00bb transform_translate_phone=\u00bb\u00bb transform_translate_last_edited=\u00bbon|desktop\u00bb transform_rotate_tablet=\u00bb\u00bb transform_rotate_phone=\u00bb\u00bb transform_rotate_last_edited=\u00bbon|desktop\u00bb transform_skew_tablet=\u00bb\u00bb transform_skew_phone=\u00bb\u00bb transform_skew_last_edited=\u00bbon|desktop\u00bb transform_origin_tablet=\u00bb\u00bb transform_origin_phone=\u00bb\u00bb transform_origin_last_edited=\u00bbon|desktop\u00bb transform_styles_last_edited=\u00bbon|desktop\u00bb max_width=\u00bb100%\u00bb max_width_tablet=\u00bb62%\u00bb max_width_phone=\u00bb85%\u00bb max_width_last_edited=\u00bbon|phone\u00bb module_alignment=\u00bbleft\u00bb text_font_size_tablet=\u00bb16px\u00bb text_font_size_phone=\u00bb14px\u00bb text_font_size_last_edited=\u00bbon|phone\u00bb text_letter_spacing_tablet=\u00bb\u00bb text_letter_spacing_phone=\u00bb0px\u00bb text_letter_spacing_last_edited=\u00bbon|tablet\u00bb transform_styles_tablet=\u00bb\u00bb transform_styles_phone=\u00bb\u00bb global_colors_info=\u00bb{}\u00bb]<\/p>\n<p style=\"text-align: center;\"><strong>Hermigua<\/strong><\/p>\n<p>[\/et_pb_text][\/et_pb_column][\/et_pb_row][et_pb_row column_structure=\u00bb1_3,1_3,1_3&#8243; _builder_version=\u00bb4.27.0&#8243; width_tablet=\u00bb\u00bb width_phone=\u00bb92%\u00bb width_last_edited=\u00bbon|phone\u00bb custom_margin_tablet=\u00bb\u00bb custom_margin_phone=\u00bb||-33px||false|false\u00bb custom_margin_last_edited=\u00bbon|phone\u00bb locked=\u00bboff\u00bb global_colors_info=\u00bb{}\u00bb][et_pb_column type=\u00bb1_3&#8243; _builder_version=\u00bb4.16&#8243; custom_padding=\u00bb|||\u00bb global_colors_info=\u00bb{}\u00bb custom_padding__hover=\u00bb|||\u00bb][et_pb_text _builder_version=\u00bb4.27.0&#8243; text_font=\u00bbOpen Sans||||||||\u00bb text_text_color=\u00bb#000000&#8243; text_font_size=\u00bb17px\u00bb text_line_height=\u00bb2em\u00bb transform_scale_tablet=\u00bb\u00bb transform_scale_phone=\u00bb\u00bb transform_scale_last_edited=\u00bbon|desktop\u00bb transform_translate_tablet=\u00bb\u00bb transform_translate_phone=\u00bb\u00bb transform_translate_last_edited=\u00bbon|desktop\u00bb transform_rotate_tablet=\u00bb\u00bb transform_rotate_phone=\u00bb\u00bb transform_rotate_last_edited=\u00bbon|desktop\u00bb transform_skew_tablet=\u00bb\u00bb transform_skew_phone=\u00bb\u00bb transform_skew_last_edited=\u00bbon|desktop\u00bb transform_origin_tablet=\u00bb\u00bb transform_origin_phone=\u00bb\u00bb transform_origin_last_edited=\u00bbon|desktop\u00bb transform_styles_last_edited=\u00bbon|desktop\u00bb max_width=\u00bb100%\u00bb max_width_tablet=\u00bb62%\u00bb max_width_phone=\u00bb85%\u00bb max_width_last_edited=\u00bbon|phone\u00bb module_alignment=\u00bbleft\u00bb text_font_size_tablet=\u00bb16px\u00bb text_font_size_phone=\u00bb14px\u00bb text_font_size_last_edited=\u00bbon|phone\u00bb text_letter_spacing_tablet=\u00bb\u00bb text_letter_spacing_phone=\u00bb0px\u00bb text_letter_spacing_last_edited=\u00bbon|tablet\u00bb transform_styles_tablet=\u00bb\u00bb transform_styles_phone=\u00bb\u00bb global_colors_info=\u00bb{}\u00bb]<\/p>\n<p style=\"text-align: left;\"><strong>Los Telares<br \/><\/strong>El Patronato, s\/n, 38820 Hermigua, Santa Cruz de Tenerife<br \/>922880781<br \/>www.etnograficolagomera.com<\/p>\n<p>[\/et_pb_text][\/et_pb_column][et_pb_column type=\u00bb1_3&#8243; _builder_version=\u00bb4.16&#8243; custom_padding=\u00bb|||\u00bb global_colors_info=\u00bb{}\u00bb custom_padding__hover=\u00bb|||\u00bb][\/et_pb_column][et_pb_column type=\u00bb1_3&#8243; _builder_version=\u00bb4.16&#8243; custom_padding=\u00bb|||\u00bb global_colors_info=\u00bb{}\u00bb custom_padding__hover=\u00bb|||\u00bb][\/et_pb_column][\/et_pb_row][\/et_pb_section][et_pb_section fb_built=\u00bb1&#8243; admin_label=\u00bbSection Title\u00bb _builder_version=\u00bb4.27.0&#8243; background_color=\u00bbrgba(0,0,0,0.09)\u00bb custom_margin=\u00bb||||false|false\u00bb custom_padding=\u00bb1px||24px|||\u00bb global_colors_info=\u00bb{}\u00bb][\/et_pb_section][et_pb_section fb_built=\u00bb1&#8243; admin_label=\u00bbSection Title\u00bb _builder_version=\u00bb4.27.0&#8243; background_color=\u00bb#FFFFFF\u00bb custom_margin=\u00bb||||false|false\u00bb custom_padding=\u00bb1px||24px|||\u00bb global_colors_info=\u00bb{}\u00bb][et_pb_row _builder_version=\u00bb4.25.1&#8243; width_tablet=\u00bb\u00bb width_phone=\u00bb92%\u00bb width_last_edited=\u00bbon|phone\u00bb locked=\u00bboff\u00bb global_colors_info=\u00bb{}\u00bb][et_pb_column type=\u00bb4_4&#8243; _builder_version=\u00bb4.16&#8243; custom_padding=\u00bb|||\u00bb global_colors_info=\u00bb{}\u00bb custom_padding__hover=\u00bb|||\u00bb][et_pb_text _builder_version=\u00bb4.27.6&#8243; header_font=\u00bb||||||||\u00bb header_2_font=\u00bbSaira Stencil One|&#8211;et_global_body_font_weight||on|||||\u00bb header_2_text_align=\u00bbcenter\u00bb header_2_text_color=\u00bb#000000&#8243; header_2_font_size=\u00bb64px\u00bb transform_scale=\u00bb82%|100%\u00bb transform_scale_linked=\u00bboff\u00bb custom_margin=\u00bb40px||||false|false\u00bb hover_enabled=\u00bb0&#8243; header_2_font_size_tablet=\u00bb36px\u00bb header_2_font_size_phone=\u00bb48px\u00bb header_2_font_size_last_edited=\u00bbon|phone\u00bb header_2_letter_spacing_tablet=\u00bb0px\u00bb header_2_letter_spacing_phone=\u00bb0px\u00bb header_2_letter_spacing_last_edited=\u00bboff|tablet\u00bb global_colors_info=\u00bb{}\u00bb sticky_enabled=\u00bb0&#8243;]<\/p>\n<h2>Tenerife<\/h2>\n<p>[\/et_pb_text][\/et_pb_column][\/et_pb_row][et_pb_row column_structure=\u00bb1_3,1_3,1_3&#8243; _builder_version=\u00bb4.27.0&#8243; width_tablet=\u00bb\u00bb width_phone=\u00bb92%\u00bb width_last_edited=\u00bbon|phone\u00bb custom_margin_tablet=\u00bb\u00bb custom_margin_phone=\u00bb||-33px||false|false\u00bb custom_margin_last_edited=\u00bbon|phone\u00bb locked=\u00bboff\u00bb global_colors_info=\u00bb{}\u00bb][et_pb_column type=\u00bb1_3&#8243; _builder_version=\u00bb4.16&#8243; custom_padding=\u00bb|||\u00bb global_colors_info=\u00bb{}\u00bb custom_padding__hover=\u00bb|||\u00bb][et_pb_text _builder_version=\u00bb4.27.0&#8243; text_font=\u00bbOpen Sans||||||||\u00bb text_text_color=\u00bb#000000&#8243; text_font_size=\u00bb17px\u00bb text_line_height=\u00bb2em\u00bb transform_scale_tablet=\u00bb\u00bb transform_scale_phone=\u00bb\u00bb transform_scale_last_edited=\u00bbon|desktop\u00bb transform_translate_tablet=\u00bb\u00bb transform_translate_phone=\u00bb\u00bb transform_translate_last_edited=\u00bbon|desktop\u00bb transform_rotate_tablet=\u00bb\u00bb transform_rotate_phone=\u00bb\u00bb transform_rotate_last_edited=\u00bbon|desktop\u00bb transform_skew_tablet=\u00bb\u00bb transform_skew_phone=\u00bb\u00bb transform_skew_last_edited=\u00bbon|desktop\u00bb transform_origin_tablet=\u00bb\u00bb transform_origin_phone=\u00bb\u00bb transform_origin_last_edited=\u00bbon|desktop\u00bb transform_styles_last_edited=\u00bbon|desktop\u00bb max_width=\u00bb100%\u00bb max_width_tablet=\u00bb62%\u00bb max_width_phone=\u00bb85%\u00bb max_width_last_edited=\u00bbon|phone\u00bb module_alignment=\u00bbleft\u00bb text_font_size_tablet=\u00bb16px\u00bb text_font_size_phone=\u00bb14px\u00bb text_font_size_last_edited=\u00bbon|phone\u00bb text_letter_spacing_tablet=\u00bb\u00bb text_letter_spacing_phone=\u00bb0px\u00bb text_letter_spacing_last_edited=\u00bbon|tablet\u00bb transform_styles_tablet=\u00bb\u00bb transform_styles_phone=\u00bb\u00bb global_colors_info=\u00bb{}\u00bb]<\/p>\n<p style=\"text-align: left;\"><strong>Depatanegra<br \/><\/strong>C. San Clemente, 27, 38002 Santa Cruz de Tenerife<br \/>922892716<br \/>www.depatanegracanarias.com<\/p>\n<p>[\/et_pb_text][\/et_pb_column][et_pb_column type=\u00bb1_3&#8243; _builder_version=\u00bb4.16&#8243; custom_padding=\u00bb|||\u00bb global_colors_info=\u00bb{}\u00bb custom_padding__hover=\u00bb|||\u00bb][et_pb_text _builder_version=\u00bb4.27.0&#8243; text_font=\u00bbOpen Sans||||||||\u00bb text_text_color=\u00bb#000000&#8243; text_font_size=\u00bb17px\u00bb text_line_height=\u00bb2em\u00bb transform_scale_tablet=\u00bb\u00bb transform_scale_phone=\u00bb\u00bb transform_scale_last_edited=\u00bbon|desktop\u00bb transform_translate_tablet=\u00bb\u00bb transform_translate_phone=\u00bb\u00bb transform_translate_last_edited=\u00bbon|desktop\u00bb transform_rotate_tablet=\u00bb\u00bb transform_rotate_phone=\u00bb\u00bb transform_rotate_last_edited=\u00bbon|desktop\u00bb transform_skew_tablet=\u00bb\u00bb transform_skew_phone=\u00bb\u00bb transform_skew_last_edited=\u00bbon|desktop\u00bb transform_origin_tablet=\u00bb\u00bb transform_origin_phone=\u00bb\u00bb transform_origin_last_edited=\u00bbon|desktop\u00bb transform_styles_last_edited=\u00bbon|desktop\u00bb max_width=\u00bb100%\u00bb max_width_tablet=\u00bb62%\u00bb max_width_phone=\u00bb85%\u00bb max_width_last_edited=\u00bbon|phone\u00bb module_alignment=\u00bbleft\u00bb text_font_size_tablet=\u00bb16px\u00bb text_font_size_phone=\u00bb14px\u00bb text_font_size_last_edited=\u00bbon|phone\u00bb text_letter_spacing_tablet=\u00bb\u00bb text_letter_spacing_phone=\u00bb0px\u00bb text_letter_spacing_last_edited=\u00bbon|tablet\u00bb transform_styles_tablet=\u00bb\u00bb transform_styles_phone=\u00bb\u00bb global_colors_info=\u00bb{}\u00bb]<\/p>\n<p style=\"text-align: left;\"><strong>Ultramarinos Natalia<br \/><\/strong>C. Viera y Clavijo, 16, 38003 Santa Cruz de Tenerife<br \/>822058891<br \/>www.ultramarinosnatalia.com<\/p>\n<p>[\/et_pb_text][\/et_pb_column][et_pb_column type=\u00bb1_3&#8243; _builder_version=\u00bb4.16&#8243; custom_padding=\u00bb|||\u00bb global_colors_info=\u00bb{}\u00bb custom_padding__hover=\u00bb|||\u00bb][et_pb_text _builder_version=\u00bb4.27.0&#8243; text_font=\u00bbOpen Sans||||||||\u00bb text_text_color=\u00bb#000000&#8243; text_font_size=\u00bb17px\u00bb text_line_height=\u00bb2em\u00bb transform_scale_tablet=\u00bb\u00bb transform_scale_phone=\u00bb\u00bb transform_scale_last_edited=\u00bbon|desktop\u00bb transform_translate_tablet=\u00bb\u00bb transform_translate_phone=\u00bb\u00bb transform_translate_last_edited=\u00bbon|desktop\u00bb transform_rotate_tablet=\u00bb\u00bb transform_rotate_phone=\u00bb\u00bb transform_rotate_last_edited=\u00bbon|desktop\u00bb transform_skew_tablet=\u00bb\u00bb transform_skew_phone=\u00bb\u00bb transform_skew_last_edited=\u00bbon|desktop\u00bb transform_origin_tablet=\u00bb\u00bb transform_origin_phone=\u00bb\u00bb transform_origin_last_edited=\u00bbon|desktop\u00bb transform_styles_last_edited=\u00bbon|desktop\u00bb max_width=\u00bb100%\u00bb max_width_tablet=\u00bb62%\u00bb max_width_phone=\u00bb85%\u00bb max_width_last_edited=\u00bbon|phone\u00bb module_alignment=\u00bbleft\u00bb text_font_size_tablet=\u00bb16px\u00bb text_font_size_phone=\u00bb14px\u00bb text_font_size_last_edited=\u00bbon|phone\u00bb text_letter_spacing_tablet=\u00bb\u00bb text_letter_spacing_phone=\u00bb0px\u00bb text_letter_spacing_last_edited=\u00bbon|tablet\u00bb transform_styles_tablet=\u00bb\u00bb transform_styles_phone=\u00bb\u00bb global_colors_info=\u00bb{}\u00bb]<\/p>\n<p style=\"text-align: left;\"><strong>La Bohem Gourmet Vinoteca<\/strong><br \/>Calle Heraclio S\u00e1nchez, 22, 38204 La Laguna, Santa Cruz de Tenerife<br \/>822264243<br \/>www.labohem.com.es<\/p>\n<p>[\/et_pb_text][\/et_pb_column][\/et_pb_row][et_pb_row column_structure=\u00bb1_3,1_3,1_3&#8243; _builder_version=\u00bb4.27.6&#8243; width_tablet=\u00bb\u00bb width_phone=\u00bb92%\u00bb width_last_edited=\u00bbon|phone\u00bb custom_margin_tablet=\u00bb\u00bb custom_margin_phone=\u00bb||-33px||false|false\u00bb custom_margin_last_edited=\u00bbon|phone\u00bb locked=\u00bboff\u00bb global_colors_info=\u00bb{}\u00bb][et_pb_column type=\u00bb1_3&#8243; _builder_version=\u00bb4.16&#8243; custom_padding=\u00bb|||\u00bb global_colors_info=\u00bb{}\u00bb custom_padding__hover=\u00bb|||\u00bb][et_pb_text _builder_version=\u00bb4.27.0&#8243; text_font=\u00bbOpen Sans||||||||\u00bb text_text_color=\u00bb#000000&#8243; text_font_size=\u00bb17px\u00bb text_line_height=\u00bb2em\u00bb transform_scale_tablet=\u00bb\u00bb transform_scale_phone=\u00bb\u00bb transform_scale_last_edited=\u00bbon|desktop\u00bb transform_translate_tablet=\u00bb\u00bb transform_translate_phone=\u00bb\u00bb transform_translate_last_edited=\u00bbon|desktop\u00bb transform_rotate_tablet=\u00bb\u00bb transform_rotate_phone=\u00bb\u00bb transform_rotate_last_edited=\u00bbon|desktop\u00bb transform_skew_tablet=\u00bb\u00bb transform_skew_phone=\u00bb\u00bb transform_skew_last_edited=\u00bbon|desktop\u00bb transform_origin_tablet=\u00bb\u00bb transform_origin_phone=\u00bb\u00bb transform_origin_last_edited=\u00bbon|desktop\u00bb transform_styles_last_edited=\u00bbon|desktop\u00bb max_width=\u00bb100%\u00bb max_width_tablet=\u00bb62%\u00bb max_width_phone=\u00bb85%\u00bb max_width_last_edited=\u00bbon|phone\u00bb module_alignment=\u00bbleft\u00bb text_font_size_tablet=\u00bb16px\u00bb text_font_size_phone=\u00bb14px\u00bb text_font_size_last_edited=\u00bbon|phone\u00bb text_letter_spacing_tablet=\u00bb\u00bb text_letter_spacing_phone=\u00bb0px\u00bb text_letter_spacing_last_edited=\u00bbon|tablet\u00bb transform_styles_tablet=\u00bb\u00bb transform_styles_phone=\u00bb\u00bb global_colors_info=\u00bb{}\u00bb]<\/p>\n<p style=\"text-align: left;\"><strong>Pejegreen<\/strong><br \/>C. Obispo Rey Redondo, 7, 38201 La Laguna, Santa Cruz de Tenerife<br \/>922262480<br \/>www.pejegreen.es<\/p>\n<p>[\/et_pb_text][\/et_pb_column][et_pb_column type=\u00bb1_3&#8243; _builder_version=\u00bb4.16&#8243; custom_padding=\u00bb|||\u00bb global_colors_info=\u00bb{}\u00bb custom_padding__hover=\u00bb|||\u00bb][et_pb_text _builder_version=\u00bb4.27.6&#8243; text_font=\u00bbOpen Sans||||||||\u00bb text_text_color=\u00bb#000000&#8243; text_font_size=\u00bb17px\u00bb text_line_height=\u00bb2em\u00bb transform_scale_tablet=\u00bb\u00bb transform_scale_phone=\u00bb\u00bb transform_scale_last_edited=\u00bbon|desktop\u00bb transform_translate_tablet=\u00bb\u00bb transform_translate_phone=\u00bb\u00bb transform_translate_last_edited=\u00bbon|desktop\u00bb transform_rotate_tablet=\u00bb\u00bb transform_rotate_phone=\u00bb\u00bb transform_rotate_last_edited=\u00bbon|desktop\u00bb transform_skew_tablet=\u00bb\u00bb transform_skew_phone=\u00bb\u00bb transform_skew_last_edited=\u00bbon|desktop\u00bb transform_origin_tablet=\u00bb\u00bb transform_origin_phone=\u00bb\u00bb transform_origin_last_edited=\u00bbon|desktop\u00bb transform_styles_last_edited=\u00bbon|desktop\u00bb max_width=\u00bb100%\u00bb max_width_tablet=\u00bb62%\u00bb max_width_phone=\u00bb85%\u00bb max_width_last_edited=\u00bbon|phone\u00bb module_alignment=\u00bbleft\u00bb text_font_size_tablet=\u00bb16px\u00bb text_font_size_phone=\u00bb14px\u00bb text_font_size_last_edited=\u00bbon|phone\u00bb text_letter_spacing_tablet=\u00bb\u00bb text_letter_spacing_phone=\u00bb0px\u00bb text_letter_spacing_last_edited=\u00bbon|tablet\u00bb transform_styles_tablet=\u00bb\u00bb transform_styles_phone=\u00bb\u00bb global_colors_info=\u00bb{}\u00bb]<\/p>\n<p style=\"text-align: left;\"><strong>La Ardilla tienda de exquisiteces y quesos<\/strong><br \/>Cta. General Tejina Tacoronte<br \/>685011501 <\/p>\n<p>[\/et_pb_text][\/et_pb_column][et_pb_column type=\u00bb1_3&#8243; _builder_version=\u00bb4.16&#8243; custom_padding=\u00bb|||\u00bb global_colors_info=\u00bb{}\u00bb custom_padding__hover=\u00bb|||\u00bb][et_pb_text _builder_version=\u00bb4.27.6&#8243; text_font=\u00bbOpen Sans||||||||\u00bb text_text_color=\u00bb#000000&#8243; text_font_size=\u00bb17px\u00bb text_line_height=\u00bb2em\u00bb transform_scale_tablet=\u00bb\u00bb transform_scale_phone=\u00bb\u00bb transform_scale_last_edited=\u00bbon|desktop\u00bb transform_translate_tablet=\u00bb\u00bb transform_translate_phone=\u00bb\u00bb transform_translate_last_edited=\u00bbon|desktop\u00bb transform_rotate_tablet=\u00bb\u00bb transform_rotate_phone=\u00bb\u00bb transform_rotate_last_edited=\u00bbon|desktop\u00bb transform_skew_tablet=\u00bb\u00bb transform_skew_phone=\u00bb\u00bb transform_skew_last_edited=\u00bbon|desktop\u00bb transform_origin_tablet=\u00bb\u00bb transform_origin_phone=\u00bb\u00bb transform_origin_last_edited=\u00bbon|desktop\u00bb transform_styles_last_edited=\u00bbon|desktop\u00bb max_width=\u00bb100%\u00bb max_width_tablet=\u00bb62%\u00bb max_width_phone=\u00bb85%\u00bb max_width_last_edited=\u00bbon|phone\u00bb module_alignment=\u00bbleft\u00bb text_font_size_tablet=\u00bb16px\u00bb text_font_size_phone=\u00bb14px\u00bb text_font_size_last_edited=\u00bbon|phone\u00bb text_letter_spacing_tablet=\u00bb\u00bb text_letter_spacing_phone=\u00bb0px\u00bb text_letter_spacing_last_edited=\u00bbon|tablet\u00bb transform_styles_tablet=\u00bb\u00bb transform_styles_phone=\u00bb\u00bb global_colors_info=\u00bb{}\u00bb]<\/p>\n<p style=\"text-align: left;\"><strong>Venta El Gomero<\/strong><br \/>C. Calvario 4<br \/>922 52 35 89<\/p>\n<p>[\/et_pb_text][\/et_pb_column][\/et_pb_row][\/et_pb_section][et_pb_section fb_built=\u00bb1&#8243; admin_label=\u00bbSection Title\u00bb _builder_version=\u00bb4.27.0&#8243; background_color=\u00bbrgba(0,0,0,0.09)\u00bb custom_margin=\u00bb||||false|false\u00bb custom_padding=\u00bb1px||159px|||\u00bb global_colors_info=\u00bb{}\u00bb][et_pb_row _builder_version=\u00bb4.25.1&#8243; width_tablet=\u00bb\u00bb width_phone=\u00bb92%\u00bb width_last_edited=\u00bbon|phone\u00bb locked=\u00bboff\u00bb global_colors_info=\u00bb{}\u00bb][et_pb_column type=\u00bb4_4&#8243; _builder_version=\u00bb4.16&#8243; custom_padding=\u00bb|||\u00bb global_colors_info=\u00bb{}\u00bb custom_padding__hover=\u00bb|||\u00bb][et_pb_text _builder_version=\u00bb4.27.0&#8243; header_font=\u00bb||||||||\u00bb header_2_font=\u00bbSaira Stencil One|&#8211;et_global_body_font_weight||on|||||\u00bb header_2_text_align=\u00bbcenter\u00bb header_2_text_color=\u00bb#000000&#8243; header_2_font_size=\u00bb64px\u00bb transform_scale=\u00bb82%|100%\u00bb transform_scale_linked=\u00bboff\u00bb custom_margin=\u00bb40px||||false|false\u00bb header_2_font_size_tablet=\u00bb36px\u00bb header_2_font_size_phone=\u00bb48px\u00bb header_2_font_size_last_edited=\u00bbon|phone\u00bb header_2_letter_spacing_tablet=\u00bb0px\u00bb header_2_letter_spacing_phone=\u00bb0px\u00bb header_2_letter_spacing_last_edited=\u00bboff|tablet\u00bb global_colors_info=\u00bb{}\u00bb]<\/p>\n<h2>Lanzarote<\/h2>\n<p>[\/et_pb_text][\/et_pb_column][\/et_pb_row][et_pb_row column_structure=\u00bb1_3,1_3,1_3&#8243; _builder_version=\u00bb4.27.0&#8243; width_tablet=\u00bb\u00bb width_phone=\u00bb92%\u00bb width_last_edited=\u00bbon|phone\u00bb custom_margin_tablet=\u00bb\u00bb custom_margin_phone=\u00bb||-33px||false|false\u00bb custom_margin_last_edited=\u00bbon|phone\u00bb locked=\u00bboff\u00bb global_colors_info=\u00bb{}\u00bb][et_pb_column type=\u00bb1_3&#8243; _builder_version=\u00bb4.16&#8243; custom_padding=\u00bb|||\u00bb global_colors_info=\u00bb{}\u00bb custom_padding__hover=\u00bb|||\u00bb][et_pb_text _builder_version=\u00bb4.27.0&#8243; text_font=\u00bbOpen Sans||||||||\u00bb text_text_color=\u00bb#000000&#8243; text_font_size=\u00bb17px\u00bb text_line_height=\u00bb2em\u00bb transform_scale_tablet=\u00bb\u00bb transform_scale_phone=\u00bb\u00bb transform_scale_last_edited=\u00bbon|desktop\u00bb transform_translate_tablet=\u00bb\u00bb transform_translate_phone=\u00bb\u00bb transform_translate_last_edited=\u00bbon|desktop\u00bb transform_rotate_tablet=\u00bb\u00bb transform_rotate_phone=\u00bb\u00bb transform_rotate_last_edited=\u00bbon|desktop\u00bb transform_skew_tablet=\u00bb\u00bb transform_skew_phone=\u00bb\u00bb transform_skew_last_edited=\u00bbon|desktop\u00bb transform_origin_tablet=\u00bb\u00bb transform_origin_phone=\u00bb\u00bb transform_origin_last_edited=\u00bbon|desktop\u00bb transform_styles_last_edited=\u00bbon|desktop\u00bb max_width=\u00bb100%\u00bb max_width_tablet=\u00bb62%\u00bb max_width_phone=\u00bb85%\u00bb max_width_last_edited=\u00bbon|phone\u00bb module_alignment=\u00bbleft\u00bb text_font_size_tablet=\u00bb16px\u00bb text_font_size_phone=\u00bb14px\u00bb text_font_size_last_edited=\u00bbon|phone\u00bb text_letter_spacing_tablet=\u00bb\u00bb text_letter_spacing_phone=\u00bb0px\u00bb text_letter_spacing_last_edited=\u00bbon|tablet\u00bb transform_styles_tablet=\u00bb\u00bb transform_styles_phone=\u00bb\u00bb global_colors_info=\u00bb{}\u00bb]<\/p>\n<p style=\"text-align: left;\"><strong>Bodega stratvs<br \/><\/strong>Calle La Geria, 21, 35570 La Geria, Las Palmas<br \/>928809977<br \/>www.stratvs.com<\/p>\n<p>[\/et_pb_text][\/et_pb_column][et_pb_column type=\u00bb1_3&#8243; _builder_version=\u00bb4.16&#8243; custom_padding=\u00bb|||\u00bb global_colors_info=\u00bb{}\u00bb custom_padding__hover=\u00bb|||\u00bb][et_pb_text _builder_version=\u00bb4.27.0&#8243; text_font=\u00bbOpen Sans||||||||\u00bb text_text_color=\u00bb#000000&#8243; text_font_size=\u00bb17px\u00bb text_line_height=\u00bb2em\u00bb transform_scale_tablet=\u00bb\u00bb transform_scale_phone=\u00bb\u00bb transform_scale_last_edited=\u00bbon|desktop\u00bb transform_translate_tablet=\u00bb\u00bb transform_translate_phone=\u00bb\u00bb transform_translate_last_edited=\u00bbon|desktop\u00bb transform_rotate_tablet=\u00bb\u00bb transform_rotate_phone=\u00bb\u00bb transform_rotate_last_edited=\u00bbon|desktop\u00bb transform_skew_tablet=\u00bb\u00bb transform_skew_phone=\u00bb\u00bb transform_skew_last_edited=\u00bbon|desktop\u00bb transform_origin_tablet=\u00bb\u00bb transform_origin_phone=\u00bb\u00bb transform_origin_last_edited=\u00bbon|desktop\u00bb transform_styles_last_edited=\u00bbon|desktop\u00bb max_width=\u00bb100%\u00bb max_width_tablet=\u00bb62%\u00bb max_width_phone=\u00bb85%\u00bb max_width_last_edited=\u00bbon|phone\u00bb module_alignment=\u00bbleft\u00bb text_font_size_tablet=\u00bb16px\u00bb text_font_size_phone=\u00bb14px\u00bb text_font_size_last_edited=\u00bbon|phone\u00bb text_letter_spacing_tablet=\u00bb\u00bb text_letter_spacing_phone=\u00bb0px\u00bb text_letter_spacing_last_edited=\u00bbon|tablet\u00bb transform_styles_tablet=\u00bb\u00bb transform_styles_phone=\u00bb\u00bb global_colors_info=\u00bb{}\u00bb]<\/p>\n<p style=\"text-align: left;\"><strong>Habitaci\u00f3n 214 Artisan Concept store<br \/><\/strong>Hotel Fariones, Calle Roque del Este, 1, 35510 Puerto del Carmen, Las Palmas<br \/>679399945<br \/>www.hotelfariones.es\/es\/room214<\/p>\n<p>[\/et_pb_text][\/et_pb_column][et_pb_column type=\u00bb1_3&#8243; _builder_version=\u00bb4.16&#8243; custom_padding=\u00bb|||\u00bb global_colors_info=\u00bb{}\u00bb custom_padding__hover=\u00bb|||\u00bb][\/et_pb_column][\/et_pb_row][\/et_pb_section][et_pb_section fb_built=\u00bb1&#8243; admin_label=\u00bbSection Title\u00bb _builder_version=\u00bb4.27.0&#8243; background_color=\u00bb#FFFFFF\u00bb custom_margin=\u00bb||||false|false\u00bb custom_padding=\u00bb1px||24px|||\u00bb global_colors_info=\u00bb{}\u00bb][et_pb_row _builder_version=\u00bb4.25.1&#8243; width_tablet=\u00bb\u00bb width_phone=\u00bb92%\u00bb width_last_edited=\u00bbon|phone\u00bb locked=\u00bboff\u00bb global_colors_info=\u00bb{}\u00bb][et_pb_column type=\u00bb4_4&#8243; _builder_version=\u00bb4.16&#8243; custom_padding=\u00bb|||\u00bb global_colors_info=\u00bb{}\u00bb custom_padding__hover=\u00bb|||\u00bb][et_pb_text _builder_version=\u00bb4.27.6&#8243; header_font=\u00bb||||||||\u00bb header_2_font=\u00bbSaira Stencil One|&#8211;et_global_body_font_weight||on|||||\u00bb header_2_text_align=\u00bbcenter\u00bb header_2_text_color=\u00bb#000000&#8243; header_2_font_size=\u00bb64px\u00bb transform_scale=\u00bb82%|100%\u00bb transform_scale_linked=\u00bboff\u00bb custom_margin=\u00bb40px||||false|false\u00bb header_2_font_size_tablet=\u00bb36px\u00bb header_2_font_size_phone=\u00bb48px\u00bb header_2_font_size_last_edited=\u00bbon|phone\u00bb header_2_letter_spacing_tablet=\u00bb0px\u00bb header_2_letter_spacing_phone=\u00bb0px\u00bb header_2_letter_spacing_last_edited=\u00bboff|tablet\u00bb global_colors_info=\u00bb{}\u00bb]<\/p>\n<h2>Gran Canaria<\/h2>\n<p>[\/et_pb_text][\/et_pb_column][\/et_pb_row][et_pb_row column_structure=\u00bb1_3,1_3,1_3&#8243; _builder_version=\u00bb4.27.0&#8243; width_tablet=\u00bb\u00bb width_phone=\u00bb92%\u00bb width_last_edited=\u00bbon|phone\u00bb custom_margin_tablet=\u00bb\u00bb custom_margin_phone=\u00bb||-33px||false|false\u00bb custom_margin_last_edited=\u00bbon|phone\u00bb locked=\u00bboff\u00bb global_colors_info=\u00bb{}\u00bb][et_pb_column type=\u00bb1_3&#8243; _builder_version=\u00bb4.16&#8243; custom_padding=\u00bb|||\u00bb global_colors_info=\u00bb{}\u00bb custom_padding__hover=\u00bb|||\u00bb][et_pb_text _builder_version=\u00bb4.27.6&#8243; text_font=\u00bbOpen Sans||||||||\u00bb text_text_color=\u00bb#000000&#8243; text_font_size=\u00bb17px\u00bb text_line_height=\u00bb2em\u00bb transform_scale_tablet=\u00bb\u00bb transform_scale_phone=\u00bb\u00bb transform_scale_last_edited=\u00bbon|desktop\u00bb transform_translate_tablet=\u00bb\u00bb transform_translate_phone=\u00bb\u00bb transform_translate_last_edited=\u00bbon|desktop\u00bb transform_rotate_tablet=\u00bb\u00bb transform_rotate_phone=\u00bb\u00bb transform_rotate_last_edited=\u00bbon|desktop\u00bb transform_skew_tablet=\u00bb\u00bb transform_skew_phone=\u00bb\u00bb transform_skew_last_edited=\u00bbon|desktop\u00bb transform_origin_tablet=\u00bb\u00bb transform_origin_phone=\u00bb\u00bb transform_origin_last_edited=\u00bbon|desktop\u00bb transform_styles_last_edited=\u00bbon|desktop\u00bb max_width=\u00bb100%\u00bb max_width_tablet=\u00bb62%\u00bb max_width_phone=\u00bb85%\u00bb max_width_last_edited=\u00bbon|phone\u00bb module_alignment=\u00bbleft\u00bb text_font_size_tablet=\u00bb16px\u00bb text_font_size_phone=\u00bb14px\u00bb text_font_size_last_edited=\u00bbon|phone\u00bb text_letter_spacing_tablet=\u00bb\u00bb text_letter_spacing_phone=\u00bb0px\u00bb text_letter_spacing_last_edited=\u00bbon|tablet\u00bb transform_styles_tablet=\u00bb\u00bb transform_styles_phone=\u00bb\u00bb global_colors_info=\u00bb{}\u00bb]<\/p>\n<p style=\"text-align: left;\"><strong>Mimila Delicatessen<\/strong><br \/>Mercado de Vegueta <br \/>610 32 86 09<br \/>Las Palmas<\/p>\n<p>[\/et_pb_text][\/et_pb_column][et_pb_column type=\u00bb1_3&#8243; _builder_version=\u00bb4.16&#8243; custom_padding=\u00bb|||\u00bb global_colors_info=\u00bb{}\u00bb custom_padding__hover=\u00bb|||\u00bb][et_pb_text _builder_version=\u00bb4.27.6&#8243; text_font=\u00bbOpen Sans||||||||\u00bb text_text_color=\u00bb#000000&#8243; text_font_size=\u00bb17px\u00bb text_line_height=\u00bb2em\u00bb transform_scale_tablet=\u00bb\u00bb transform_scale_phone=\u00bb\u00bb transform_scale_last_edited=\u00bbon|desktop\u00bb transform_translate_tablet=\u00bb\u00bb transform_translate_phone=\u00bb\u00bb transform_translate_last_edited=\u00bbon|desktop\u00bb transform_rotate_tablet=\u00bb\u00bb transform_rotate_phone=\u00bb\u00bb transform_rotate_last_edited=\u00bbon|desktop\u00bb transform_skew_tablet=\u00bb\u00bb transform_skew_phone=\u00bb\u00bb transform_skew_last_edited=\u00bbon|desktop\u00bb transform_origin_tablet=\u00bb\u00bb transform_origin_phone=\u00bb\u00bb transform_origin_last_edited=\u00bbon|desktop\u00bb transform_styles_last_edited=\u00bbon|desktop\u00bb max_width=\u00bb100%\u00bb max_width_tablet=\u00bb62%\u00bb max_width_phone=\u00bb85%\u00bb max_width_last_edited=\u00bbon|phone\u00bb module_alignment=\u00bbleft\u00bb text_font_size_tablet=\u00bb16px\u00bb text_font_size_phone=\u00bb14px\u00bb text_font_size_last_edited=\u00bbon|phone\u00bb text_letter_spacing_tablet=\u00bb\u00bb text_letter_spacing_phone=\u00bb0px\u00bb text_letter_spacing_last_edited=\u00bbon|tablet\u00bb transform_styles_tablet=\u00bb\u00bb transform_styles_phone=\u00bb\u00bb global_colors_info=\u00bb{}\u00bb]<\/p>\n<p style=\"text-align: left;\"><strong>Quesos La Gloria<\/strong><br \/>C. Acusa 55<br \/>Vecindario, Las Palmas.<br \/>928 49 72 51<br \/>Vecindario<\/p>\n<p>[\/et_pb_text][\/et_pb_column][et_pb_column type=\u00bb1_3&#8243; _builder_version=\u00bb4.16&#8243; custom_padding=\u00bb|||\u00bb global_colors_info=\u00bb{}\u00bb custom_padding__hover=\u00bb|||\u00bb][\/et_pb_column][\/et_pb_row][\/et_pb_section][et_pb_section fb_built=\u00bb1&#8243; admin_label=\u00bbSection Title\u00bb _builder_version=\u00bb4.25.1&#8243; background_color=\u00bb#000000&#8243; custom_padding=\u00bb1px||28px|||\u00bb global_colors_info=\u00bb{}\u00bb][et_pb_row column_structure=\u00bb1_2,1_2&#8243; _builder_version=\u00bb4.25.1&#8243; locked=\u00bboff\u00bb global_colors_info=\u00bb{}\u00bb][et_pb_column type=\u00bb1_2&#8243; _builder_version=\u00bb4.16&#8243; custom_padding=\u00bb|||\u00bb global_colors_info=\u00bb{}\u00bb custom_padding__hover=\u00bb|||\u00bb][et_pb_text _builder_version=\u00bb4.27.0&#8243; header_font=\u00bb||||||||\u00bb header_2_font=\u00bbSaira Stencil One|&#8211;et_global_body_font_weight||on|||||\u00bb header_2_text_align=\u00bbcenter\u00bb header_2_text_color=\u00bb#FFFFFF\u00bb header_2_font_size=\u00bb35px\u00bb header_2_line_height=\u00bb1.2em\u00bb transform_scale=\u00bb82%|100%\u00bb transform_scale_linked=\u00bboff\u00bb link_option_url=\u00bbhttps:\/\/cafe-lagomera.com\/es\/terminos-legales\/\u00bb header_2_font_size_tablet=\u00bb36px\u00bb header_2_font_size_phone=\u00bb28px\u00bb header_2_font_size_last_edited=\u00bbon|phone\u00bb header_2_letter_spacing_tablet=\u00bb0px\u00bb header_2_letter_spacing_phone=\u00bb0px\u00bb header_2_letter_spacing_last_edited=\u00bboff|tablet\u00bb global_colors_info=\u00bb{}\u00bb]<\/p>\n<h2>Pie de imprenta<\/h2>\n<p>[\/et_pb_text][\/et_pb_column][et_pb_column type=\u00bb1_2&#8243; _builder_version=\u00bb4.16&#8243; custom_padding=\u00bb|||\u00bb global_colors_info=\u00bb{}\u00bb custom_padding__hover=\u00bb|||\u00bb][et_pb_text _builder_version=\u00bb4.27.0&#8243; header_font=\u00bb||||||||\u00bb header_2_font=\u00bbSaira Stencil One|&#8211;et_global_body_font_weight||on|||||\u00bb header_2_text_align=\u00bbcenter\u00bb header_2_text_color=\u00bb#FFFFFF\u00bb header_2_font_size=\u00bb35px\u00bb header_2_line_height=\u00bb1.2em\u00bb transform_scale=\u00bb82%|100%\u00bb transform_scale_linked=\u00bboff\u00bb link_option_url=\u00bbhttps:\/\/cafe-lagomera.com\/es\/politica-de-datos\/\u00bb header_2_font_size_tablet=\u00bb36px\u00bb header_2_font_size_phone=\u00bb28px\u00bb header_2_font_size_last_edited=\u00bbon|phone\u00bb header_2_letter_spacing_tablet=\u00bb0px\u00bb header_2_letter_spacing_phone=\u00bb0px\u00bb header_2_letter_spacing_last_edited=\u00bboff|tablet\u00bb global_colors_info=\u00bb{}\u00bb]<\/p>\n<h2>Protecci\u00f3n de datos<\/h2>\n<p>[\/et_pb_text][\/et_pb_column][\/et_pb_row][\/et_pb_section]<\/p>\n","protected":false},"excerpt":{"rendered":"<p>Un trozo de La Gomera para tu casaPor supuesto, tambi\u00e9n puedes comprar este excitante aunque suave sabor de la isla volc\u00e1nica. Tambi\u00e9n puedes hacer un pedido por correo electr\u00f3nico. Env\u00edo gratuito para compras superiores a 85 euros. S\u00f3lo tienes que enviar un correo electr\u00f3nico a mail@cafe-lagomera.com o visita nuestra tienda web para pedidos desde Alemania. [&hellip;]<\/p>\n","protected":false},"author":1,"featured_media":0,"parent":0,"menu_order":0,"comment_status":"closed","ping_status":"closed","template":"","meta":{"_et_pb_use_builder":"on","_et_pb_old_content":"","_et_gb_content_width":"","footnotes":""},"class_list":["post-900","page","type-page","status-publish","hentry"],"yoast_head":"<!-- This site is optimized with the Yoast SEO plugin v27.5 - https:\/\/yoast.com\/product\/yoast-seo-wordpress\/ -->\n<title>Comprar caf\u00e9 - Cafe Le La Gomera<\/title>\n<meta name=\"robots\" content=\"index, follow, max-snippet:-1, max-image-preview:large, max-video-preview:-1\" \/>\n<link rel=\"canonical\" href=\"https:\/\/cafe-lagomera.com\/es\/comprar-cafe\/\" \/>\n<meta property=\"og:locale\" content=\"es_ES\" \/>\n<meta property=\"og:type\" content=\"article\" \/>\n<meta property=\"og:title\" content=\"Comprar caf\u00e9 - Cafe Le La Gomera\" \/>\n<meta property=\"og:description\" content=\"Un trozo de La Gomera para tu casaPor supuesto, tambi\u00e9n puedes comprar este excitante aunque suave sabor de la isla volc\u00e1nica. Tambi\u00e9n puedes hacer un pedido por correo electr\u00f3nico. Env\u00edo gratuito para compras superiores a 85 euros. S\u00f3lo tienes que enviar un correo electr\u00f3nico a mail@cafe-lagomera.com o visita nuestra tienda web para pedidos desde Alemania. [&hellip;]\" \/>\n<meta property=\"og:url\" content=\"https:\/\/cafe-lagomera.com\/es\/comprar-cafe\/\" \/>\n<meta property=\"og:site_name\" content=\"Cafe Le La Gomera\" \/>\n<meta property=\"article:modified_time\" content=\"2026-04-28T13:05:03+00:00\" \/>\n<meta name=\"twitter:card\" content=\"summary_large_image\" \/>\n<meta name=\"twitter:label1\" content=\"Tiempo de lectura\" \/>\n\t<meta name=\"twitter:data1\" content=\"45 minutos\" \/>\n<script type=\"application\/ld+json\" class=\"yoast-schema-graph\">{\"@context\":\"https:\\\/\\\/schema.org\",\"@graph\":[{\"@type\":\"WebPage\",\"@id\":\"https:\\\/\\\/cafe-lagomera.com\\\/es\\\/comprar-cafe\\\/\",\"url\":\"https:\\\/\\\/cafe-lagomera.com\\\/es\\\/comprar-cafe\\\/\",\"name\":\"Comprar caf\u00e9 - Cafe Le La Gomera\",\"isPartOf\":{\"@id\":\"https:\\\/\\\/cafe-lagomera.com\\\/es\\\/#website\"},\"datePublished\":\"2024-07-28T07:32:19+00:00\",\"dateModified\":\"2026-04-28T13:05:03+00:00\",\"breadcrumb\":{\"@id\":\"https:\\\/\\\/cafe-lagomera.com\\\/es\\\/comprar-cafe\\\/#breadcrumb\"},\"inLanguage\":\"es\",\"potentialAction\":[{\"@type\":\"ReadAction\",\"target\":[\"https:\\\/\\\/cafe-lagomera.com\\\/es\\\/comprar-cafe\\\/\"]}]},{\"@type\":\"BreadcrumbList\",\"@id\":\"https:\\\/\\\/cafe-lagomera.com\\\/es\\\/comprar-cafe\\\/#breadcrumb\",\"itemListElement\":[{\"@type\":\"ListItem\",\"position\":1,\"name\":\"Startseite\",\"item\":\"https:\\\/\\\/cafe-lagomera.com\\\/es\\\/comienza\\\/\"},{\"@type\":\"ListItem\",\"position\":2,\"name\":\"Comprar caf\u00e9\"}]},{\"@type\":\"WebSite\",\"@id\":\"https:\\\/\\\/cafe-lagomera.com\\\/es\\\/#website\",\"url\":\"https:\\\/\\\/cafe-lagomera.com\\\/es\\\/\",\"name\":\"Cafe De La Gomera\",\"description\":\"The first truly indigenous coffee from La Gomera\",\"publisher\":{\"@id\":\"https:\\\/\\\/cafe-lagomera.com\\\/es\\\/#organization\"},\"potentialAction\":[{\"@type\":\"SearchAction\",\"target\":{\"@type\":\"EntryPoint\",\"urlTemplate\":\"https:\\\/\\\/cafe-lagomera.com\\\/es\\\/?s={search_term_string}\"},\"query-input\":{\"@type\":\"PropertyValueSpecification\",\"valueRequired\":true,\"valueName\":\"search_term_string\"}}],\"inLanguage\":\"es\"},{\"@type\":\"Organization\",\"@id\":\"https:\\\/\\\/cafe-lagomera.com\\\/es\\\/#organization\",\"name\":\"Cafe De La Gomera\",\"url\":\"https:\\\/\\\/cafe-lagomera.com\\\/es\\\/\",\"logo\":{\"@type\":\"ImageObject\",\"inLanguage\":\"es\",\"@id\":\"https:\\\/\\\/cafe-lagomera.com\\\/es\\\/#\\\/schema\\\/logo\\\/image\\\/\",\"url\":\"https:\\\/\\\/cafe-lagomera.com\\\/wp-content\\\/uploads\\\/2024\\\/05\\\/Mockup.jpg\",\"contentUrl\":\"https:\\\/\\\/cafe-lagomera.com\\\/wp-content\\\/uploads\\\/2024\\\/05\\\/Mockup.jpg\",\"width\":1300,\"height\":2000,\"caption\":\"Cafe De La Gomera\"},\"image\":{\"@id\":\"https:\\\/\\\/cafe-lagomera.com\\\/es\\\/#\\\/schema\\\/logo\\\/image\\\/\"},\"sameAs\":[\"https:\\\/\\\/www.instagram.com\\\/cafe.lagomera\\\/\"]}]}<\/script>\n<!-- \/ Yoast SEO plugin. -->","yoast_head_json":{"title":"Comprar caf\u00e9 - Cafe Le La Gomera","robots":{"index":"index","follow":"follow","max-snippet":"max-snippet:-1","max-image-preview":"max-image-preview:large","max-video-preview":"max-video-preview:-1"},"canonical":"https:\/\/cafe-lagomera.com\/es\/comprar-cafe\/","og_locale":"es_ES","og_type":"article","og_title":"Comprar caf\u00e9 - Cafe Le La Gomera","og_description":"Un trozo de La Gomera para tu casaPor supuesto, tambi\u00e9n puedes comprar este excitante aunque suave sabor de la isla volc\u00e1nica. Tambi\u00e9n puedes hacer un pedido por correo electr\u00f3nico. Env\u00edo gratuito para compras superiores a 85 euros. S\u00f3lo tienes que enviar un correo electr\u00f3nico a mail@cafe-lagomera.com o visita nuestra tienda web para pedidos desde Alemania. [&hellip;]","og_url":"https:\/\/cafe-lagomera.com\/es\/comprar-cafe\/","og_site_name":"Cafe Le La Gomera","article_modified_time":"2026-04-28T13:05:03+00:00","twitter_card":"summary_large_image","twitter_misc":{"Tiempo de lectura":"45 minutos"},"schema":{"@context":"https:\/\/schema.org","@graph":[{"@type":"WebPage","@id":"https:\/\/cafe-lagomera.com\/es\/comprar-cafe\/","url":"https:\/\/cafe-lagomera.com\/es\/comprar-cafe\/","name":"Comprar caf\u00e9 - Cafe Le La Gomera","isPartOf":{"@id":"https:\/\/cafe-lagomera.com\/es\/#website"},"datePublished":"2024-07-28T07:32:19+00:00","dateModified":"2026-04-28T13:05:03+00:00","breadcrumb":{"@id":"https:\/\/cafe-lagomera.com\/es\/comprar-cafe\/#breadcrumb"},"inLanguage":"es","potentialAction":[{"@type":"ReadAction","target":["https:\/\/cafe-lagomera.com\/es\/comprar-cafe\/"]}]},{"@type":"BreadcrumbList","@id":"https:\/\/cafe-lagomera.com\/es\/comprar-cafe\/#breadcrumb","itemListElement":[{"@type":"ListItem","position":1,"name":"Startseite","item":"https:\/\/cafe-lagomera.com\/es\/comienza\/"},{"@type":"ListItem","position":2,"name":"Comprar caf\u00e9"}]},{"@type":"WebSite","@id":"https:\/\/cafe-lagomera.com\/es\/#website","url":"https:\/\/cafe-lagomera.com\/es\/","name":"Cafe De La Gomera","description":"The first truly indigenous coffee from La Gomera","publisher":{"@id":"https:\/\/cafe-lagomera.com\/es\/#organization"},"potentialAction":[{"@type":"SearchAction","target":{"@type":"EntryPoint","urlTemplate":"https:\/\/cafe-lagomera.com\/es\/?s={search_term_string}"},"query-input":{"@type":"PropertyValueSpecification","valueRequired":true,"valueName":"search_term_string"}}],"inLanguage":"es"},{"@type":"Organization","@id":"https:\/\/cafe-lagomera.com\/es\/#organization","name":"Cafe De La Gomera","url":"https:\/\/cafe-lagomera.com\/es\/","logo":{"@type":"ImageObject","inLanguage":"es","@id":"https:\/\/cafe-lagomera.com\/es\/#\/schema\/logo\/image\/","url":"https:\/\/cafe-lagomera.com\/wp-content\/uploads\/2024\/05\/Mockup.jpg","contentUrl":"https:\/\/cafe-lagomera.com\/wp-content\/uploads\/2024\/05\/Mockup.jpg","width":1300,"height":2000,"caption":"Cafe De La Gomera"},"image":{"@id":"https:\/\/cafe-lagomera.com\/es\/#\/schema\/logo\/image\/"},"sameAs":["https:\/\/www.instagram.com\/cafe.lagomera\/"]}]}},"_links":{"self":[{"href":"https:\/\/cafe-lagomera.com\/es\/wp-json\/wp\/v2\/pages\/900","targetHints":{"allow":["GET"]}}],"collection":[{"href":"https:\/\/cafe-lagomera.com\/es\/wp-json\/wp\/v2\/pages"}],"about":[{"href":"https:\/\/cafe-lagomera.com\/es\/wp-json\/wp\/v2\/types\/page"}],"author":[{"embeddable":true,"href":"https:\/\/cafe-lagomera.com\/es\/wp-json\/wp\/v2\/users\/1"}],"replies":[{"embeddable":true,"href":"https:\/\/cafe-lagomera.com\/es\/wp-json\/wp\/v2\/comments?post=900"}],"version-history":[{"count":38,"href":"https:\/\/cafe-lagomera.com\/es\/wp-json\/wp\/v2\/pages\/900\/revisions"}],"predecessor-version":[{"id":1581,"href":"https:\/\/cafe-lagomera.com\/es\/wp-json\/wp\/v2\/pages\/900\/revisions\/1581"}],"wp:attachment":[{"href":"https:\/\/cafe-lagomera.com\/es\/wp-json\/wp\/v2\/media?parent=900"}],"curies":[{"name":"wp","href":"https:\/\/api.w.org\/{rel}","templated":true}]}}